{"id":3424,"date":"2015-12-07T19:29:22","date_gmt":"2015-12-07T18:29:22","guid":{"rendered":"https:\/\/www.alpenpark-seefeld.com\/en\/friseur\/"},"modified":"2023-10-16T17:19:58","modified_gmt":"2023-10-16T15:19:58","slug":"hairdresser","status":"publish","type":"page","link":"https:\/\/www.alpenpark-seefeld.com\/en\/spa-treatments\/hairdresser\/","title":{"rendered":"Hairdresser"},"content":{"rendered":"<div id=\"ep-block-swirl-block_8756db2d5baa6d548277b611da2d2157\" class=\"ep-block-swirl ep-block \">\n    <div class=\"swirl\">\n        <?xml version=\"1.0\" encoding=\"utf-8\"?>\n<!-- Generator: Adobe Illustrator 25.2.3, SVG Export Plug-In . SVG Version: 6.00 Build 0)  -->\n<svg version=\"1.1\" id=\"Ebene_1\" xmlns=\"http:\/\/www.w3.org\/2000\/svg\" xmlns:xlink=\"http:\/\/www.w3.org\/1999\/xlink\" x=\"0px\" y=\"0px\"\n\t viewBox=\"0 0 381.6 47.6\" style=\"enable-background:new 0 0 381.6 47.6;\" xml:space=\"preserve\">\n<style type=\"text\/css\">\n\t.st0{fill:#FFFFFF;}\n<\/style>\n<g id=\"Gruppe_13\" transform=\"translate(-75.211 -333.373)\">\n\t<path id=\"Pfad_42\" class=\"st0\" d=\"M456.7,346.6c-0.9-6.8-7-10.4-13.1-11.9c-7.1-1.7-15.6-2.3-22.2,1.3c-2,1.1-3.7,2.5-5,4.3\n\t\tc-1.5-0.2-3.1-0.3-4.4-0.4c-10.9-0.5-21.5,1.5-32.1,3.6c-0.4,0.1-0.3,0.7,0.2,0.7c10.5-1.7,21.3-3.4,31.9-2.9\n\t\tc1.2,0.1,2.4,0.1,3.6,0.3c-1.7,2.5-2.4,5.6-2.1,8.6c1.4,12.6,22.1,8.9,17-2.2c-2.1-4.6-7.3-6.6-12.3-7.4c4.8-5.3,13.6-5.9,20.6-4.8\n\t\tc9.1,1.4,19,6.4,15.3,17.3c-2.7,8.1-10.3,14.4-17.5,18.6c-7.6,4.3-16.1,6.6-24.9,6.7c-9.3,0-18.2-2.8-26.7-6.2\n\t\tc-16.3-6.7-32.6-16.5-50.9-15.4c-1.8,0.1-3.6,0.3-5.3,0.7c-7.7-10.9-23.9-15.8-36.3-15.9c-8.3,0-17.6,1.6-24.5,6.7\n\t\tc-5.1,3.7-9.8,10.2-6.8,16.7c2.6,5.7,9.8,7.2,15.4,5.6c8.1-2.2,12.7-10.1,16.5-16.9c0-0.1,0-0.2-0.1-0.2c-0.1,0-0.2,0-0.2,0.1\n\t\tc-4.5,7.1-10.2,16.2-19.6,16.6c-3.8,0.2-7.9-1.1-10.2-4.3c-3-4.3-1.1-9.6,2.1-13.2c5.8-6.6,15.3-9.1,23.7-9.6\n\t\tc8.7-0.6,17.4,1.1,25.3,4.9c4.7,2.3,9.8,5.6,13.2,9.9c-4.8,1-9.1,3.4-12.3,7.1c-3.5,4.2-4.9,10.7,0.1,14.4\n\t\tc4.1,2.8,9.6,2.5,13.4-0.8c4.7-4.2,5.1-11.7,2.6-17.2c-0.4-0.9-0.9-1.8-1.4-2.6c9.5-1.7,19.2,0.4,28.2,3.5\n\t\tc16.4,5.7,31.5,15.8,49.2,17.6c15.3,1.4,30.5-4,41.5-14.7C453,360.2,457.6,353.6,456.7,346.6z M424.3,344c3.5,1.9,7.3,6.1,4.6,10.2\n\t\tc-1.9,2.9-6.2,3.4-9.2,2.4c-4.5-1.5-5.8-6.5-4.6-10.7c0.4-1.5,1.1-2.9,2-4.1C419.6,342.1,422,342.8,424.3,344z M331,367\n\t\tc0.3,4.2-1.1,8.9-4.8,11.2c-3.4,2.2-8.6,2-11.5-1.1c-3.4-3.8-1.3-9,1.7-12.2c3.1-3.4,7.2-5.1,11.6-6.1\n\t\tC329.8,361.2,330.8,364,331,367z\"\/>\n\t<path id=\"Pfad_43\" class=\"st0\" d=\"M83.7,364.9c11,10.7,26.2,16.1,41.5,14.7c17.7-1.8,32.8-11.9,49.2-17.6c9-3.1,18.7-5.2,28.2-3.5\n\t\tc-0.5,0.8-1,1.7-1.4,2.6c-2.5,5.5-2.2,12.9,2.6,17.2c3.8,3.3,9.3,3.6,13.4,0.8c4.9-3.7,3.6-10.3,0.1-14.4\n\t\tc-3.2-3.6-7.6-6.1-12.3-7.1c3.4-4.3,8.5-7.6,13.2-9.9c7.9-3.8,16.6-5.4,25.3-4.9c8.5,0.6,17.9,3,23.7,9.6c3.2,3.6,5.1,8.8,2.1,13.2\n\t\tc-2.2,3.2-6.4,4.5-10.2,4.3c-9.4-0.4-15.1-9.5-19.6-16.6c-0.1-0.1-0.2-0.1-0.2,0c-0.1,0-0.1,0.1-0.1,0.2\n\t\tc3.8,6.8,8.4,14.7,16.5,16.9c5.6,1.5,12.7,0,15.4-5.6c3-6.5-1.8-13-6.8-16.7c-6.8-5-16.2-6.7-24.5-6.7c-12.4,0.1-28.6,5-36.3,15.9\n\t\tc-1.8-0.3-3.5-0.6-5.3-0.7c-18.3-1.1-34.6,8.7-50.9,15.4c-8.5,3.5-17.5,6.3-26.7,6.2c-8.7-0.1-17.3-2.4-24.9-6.7\n\t\tc-7.3-4.1-14.8-10.4-17.5-18.6c-3.7-10.9,6.3-15.9,15.3-17.3c7-1,15.8-0.5,20.6,4.8c-5,0.9-10.2,2.8-12.3,7.4\n\t\tc-5.1,11,15.6,14.8,17,2.2c0.3-3-0.5-6.1-2.1-8.6c1.2-0.1,2.4-0.2,3.6-0.3c10.7-0.5,21.4,1.2,31.9,2.9c0.4,0.1,0.6-0.6,0.2-0.7\n\t\tc-10.6-2.1-21.2-4.1-32.1-3.6c-1.4,0.1-2.9,0.2-4.4,0.4c-1.4-1.8-3.1-3.2-5-4.3c-6.6-3.6-15.1-3-22.2-1.3\n\t\tc-6.1,1.5-12.2,5.1-13.1,11.9C74.4,353.6,78.9,360.2,83.7,364.9z M114.9,341.7c0.9,1.2,1.5,2.6,2,4.1c1.2,4.2-0.1,9.2-4.6,10.7\n\t\tc-3,1-7.3,0.5-9.2-2.4c-2.7-4.1,1.1-8.3,4.6-10.2C110,342.8,112.4,342.1,114.9,341.7z M203.9,358.8c4.4,1,8.5,2.7,11.6,6.1\n\t\tc3,3.2,5.1,8.4,1.7,12.2c-2.8,3.1-8,3.3-11.5,1.1c-3.7-2.3-5.1-7.1-4.8-11.2C201.2,364,202.2,361.2,203.9,358.8L203.9,358.8z\"\/>\n<\/g>\n<\/svg>\n    <\/div>\n<\/div>\n<div style=\"height:29px\" aria-hidden=\"true\" class=\"wp-block-spacer\"><\/div>\n    <div id=\"ep-block-pre-text-block_e51d12753220e0d8868ae8ac58ff9ed6\" class=\"ep-block-pre-text ep-block \">\n        <div class=\"pre-text\">\n            <p>Kurz oder lang, Herrenschnitt oder Steckfrisur. Schlie\u00dfen Sie Ihren Wellness-Tag doch mit einem Besuch bei unserem Friseur und tun Sie auch Ihrem Kopf etwas Gutes. Erholung bis in die Haarspitzen. Unser Friseur wartet mit den neuesten Frisurentrends auf Sie.<\/p>\n\n        <\/div>\n    <\/div>\n\n<div style=\"height:100px\" aria-hidden=\"true\" class=\"wp-block-spacer\"><\/div>\n\n<div class=\"wp-block-group is-content-justification-space-between is-nowrap is-layout-flex wp-container-core-group-is-layout-0dfbf163 wp-block-group-is-layout-flex\" style=\"font-size:16px\">    <div id=\"ep-block-accordion-block_0fc52be56f3512c75f651fb7a6ba53ec\" class=\"ep-block-accordion ep-block \">\n        <div class=\"ep-accordion\">\n                            <div class=\"accordion-item\">\n                    <div class=\"accordion-title\">\n                        <span class=\"title\">\n                                                              Leistungen im \u00dcberblick\n                                                     <\/span>\n                        <span class=\"icon\"><i class=\"ti-angle-down\"><\/i><\/span>\n                    <\/div>\n                    <div class=\"accordion-content has-no-image \">\n                        <div class=\"inner\">\n                                                                                        <div class=\"text-wrapper\"><ul>\n<li>Trendschnitt<\/li>\n<li>Waschen\/F\u00f6hnen<\/li>\n<li>Waschen\/Legen<\/li>\n<li>T\u00f6nung<\/li>\n<li>F\u00e4rben<\/li>\n<li>Ansatzf\u00e4rbung<\/li>\n<li>Str\u00e4hnen ganzer Kopf<\/li>\n<li>Volumenwelle<\/li>\n<li>Highlights\/Folienstr\u00e4hnen<\/li>\n<li>Auffrisieren<\/li>\n<li>Gl\u00e4tten<\/li>\n<\/ul>\n<\/div>\n                                                    <\/div>\n                    <\/div>\n                <\/div>\n                            <div class=\"accordion-item\">\n                    <div class=\"accordion-title\">\n                        <span class=\"title\">\n                                                              Steckfrisur f\u00fcr den besonderen Anlass\n                                                     <\/span>\n                        <span class=\"icon\"><i class=\"ti-angle-down\"><\/i><\/span>\n                    <\/div>\n                    <div class=\"accordion-content has-no-image \">\n                        <div class=\"inner\">\n                                                                                        <div class=\"text-wrapper\"><p>Ein bisschen Glamour f\u00fcr den besonderen Abend? Da sind unsere Steckfrisuren f\u00fcr alle Anl\u00e4sse genau das Richtige. Unser Friseur-Team ber\u00e4t Sie gern und zeigt Ihnen, was zu Ihrem Typ passt.<\/p>\n<\/div>\n                                                    <\/div>\n                    <\/div>\n                <\/div>\n                            <div class=\"accordion-item\">\n                    <div class=\"accordion-title\">\n                        <span class=\"title\">\n                                                              Waschen und F\u00f6hnen\n                                                     <\/span>\n                        <span class=\"icon\"><i class=\"ti-angle-down\"><\/i><\/span>\n                    <\/div>\n                    <div class=\"accordion-content has-no-image \">\n                        <div class=\"inner\">\n                                                                                        <div class=\"text-wrapper\"><p><strong>F\u00fcr kurzes Haar:<\/strong>\u00a0Gerade Kurzhaarschnitte m\u00fcssen gut sitzen und brauchen die richtige Pflege. Deshalb ber\u00e4t unser professionelles Friseur-Team Sie, wenn Sie Ihren Typ ver\u00e4ndern m\u00f6chten oder welche Pflege f\u00fcr Sie die beste ist.<\/p>\n<p><strong>F\u00fcr mittellanges Haar:<\/strong>\u00a0Wir bringen Volumen und Struktur in Ihr mittellanges Haar, waschen und f\u00f6hnen es und sorgen mit den richtigen Pflegeprodukten f\u00fcr seidigen Glanz. Auf Wunsch machen wir gerne eine Typberatung und finden den perfekten Haarschnitt f\u00fcr Sie.<\/p>\n<p><strong>F\u00fcr langes Haar:<\/strong>\u00a0Ihr langes Haar braucht gute Pflege. Unser Friseur-Team wei\u00df genau, welche Produkte f\u00fcr Sie die richtigen sind. Seidiger Glanz bis in die Haarspitzen, waschen und f\u00f6hnen, damit Sie sich rundum wohlf\u00fchlen.<\/p>\n<\/div>\n                                                    <\/div>\n                    <\/div>\n                <\/div>\n                            <div class=\"accordion-item\">\n                    <div class=\"accordion-title\">\n                        <span class=\"title\">\n                                                              Herrenservice\n                                                     <\/span>\n                        <span class=\"icon\"><i class=\"ti-angle-down\"><\/i><\/span>\n                    <\/div>\n                    <div class=\"accordion-content has-no-image \">\n                        <div class=\"inner\">\n                                                                                        <div class=\"text-wrapper\"><h3>Herrenschnitt f\u00fcr den passenden Look<\/h3>\n<p>Von der coolen Kurz- oder der angesagten Langhaarfrisur, wir schneiden Ihnen den passenden Look auf Ihren Kopf. Und zus\u00e4tzlich zum Waschen und Schneiden gibt es auch noch eine kleine Kopfmassage.<\/p>\n<\/div>\n                                                    <\/div>\n                    <\/div>\n                <\/div>\n                            <div class=\"accordion-item\">\n                    <div class=\"accordion-title\">\n                        <span class=\"title\">\n                                                              Kinderservice\n                                                     <\/span>\n                        <span class=\"icon\"><i class=\"ti-angle-down\"><\/i><\/span>\n                    <\/div>\n                    <div class=\"accordion-content has-no-image \">\n                        <div class=\"inner\">\n                                                                                        <div class=\"text-wrapper\"><ul>\n<li>Waschen, Schneiden, F\u00f6hnen<\/li>\n<li>Trockenschnitt<\/li>\n<\/ul>\n<p>Kinder bis 12 Jahren genie\u00dfen bei unserem Friseur unseren speziellen Kinderservice. Vom Gesamtpaket mit Waschen, Schneiden und F\u00f6hnen bis hin zum schnellen Trockenschnitt werden ihre Kinder mit trendigen Frisuren noch mehr zur Geltung gebracht.<\/p>\n<\/div>\n                                                    <\/div>\n                    <\/div>\n                <\/div>\n                    <\/div>\n    <\/div>\n\n\n\n<div class=\"wp-block-group alignwide\"><div class=\"wp-block-group__inner-container is-layout-flow wp-block-group-is-layout-flow\">\n<figure class=\"wp-block-image size-full is-style-default\"><a href=\"https:\/\/www.alpenpark-seefeld.com\/wp-content\/uploads\/2022\/07\/friseur-beauty-alpenpark-seefeld-3796-dj.jpg\"><img decoding=\"async\" width=\"2048\" height=\"1366\" src=\"https:\/\/www.alpenpark-seefeld.com\/wp-content\/uploads\/2022\/07\/friseur-beauty-alpenpark-seefeld-3796-dj.jpg\" alt=\"friseur-beauty-alpenpark-seefeld-3796-dj\" class=\"wp-image-53426\" srcset=\"https:\/\/www.alpenpark-seefeld.com\/wp-content\/uploads\/2022\/07\/friseur-beauty-alpenpark-seefeld-3796-dj.jpg 2048w, https:\/\/www.alpenpark-seefeld.com\/wp-content\/uploads\/2022\/07\/friseur-beauty-alpenpark-seefeld-3796-dj-250x167.jpg 250w, https:\/\/www.alpenpark-seefeld.com\/wp-content\/uploads\/2022\/07\/friseur-beauty-alpenpark-seefeld-3796-dj-700x467.jpg 700w, https:\/\/www.alpenpark-seefeld.com\/wp-content\/uploads\/2022\/07\/friseur-beauty-alpenpark-seefeld-3796-dj-768x512.jpg 768w, https:\/\/www.alpenpark-seefeld.com\/wp-content\/uploads\/2022\/07\/friseur-beauty-alpenpark-seefeld-3796-dj-1536x1025.jpg 1536w, https:\/\/www.alpenpark-seefeld.com\/wp-content\/uploads\/2022\/07\/friseur-beauty-alpenpark-seefeld-3796-dj-120x80.jpg 120w\" sizes=\"(max-width: 2048px) 100vw, 2048px\" \/><\/a><\/figure><\/div><\/div>\n<\/div>\n\n<div style=\"height:100px\" aria-hidden=\"true\" class=\"wp-block-spacer\"><\/div>\n\n<h2 class=\"wp-block-heading\">Waschen und F\u00f6hnen<\/h2>\n    <div id=\"ep-block-flip-tiles-block_75ef9e8e2183f0abfea37e70a463a8c8\" class=\"ep-block-flip-tiles ep-block \">\n        <div class=\"flip-tiles\">\n                            <div class=\"tile style-not-image\">\n                    <div class=\"tile-inner\">\n                        <div class=\"tile-child tile-front\">\n                            \n                            <div class=\"text-wrapper\">\n                                                                    <h3>F\u00fcr kurzes Haar<\/h3>\n                                                            <\/div>\n                        <\/div>\n                        <div class=\"tile-child tile-back\">\n                            <div class=\"text-wrapper\">\n                                                                    <h3>F\u00fcr kurzes Haar<\/h3>\n                                                                                                    <div class=\"text\"><p>F\u00fcr kurzes Haar:\u00a0Gerade Kurzhaarschnitte m\u00fcssen gut sitzen und brauchen die richtige Pflege. Deshalb ber\u00e4t unser professionelles Friseur-Team Sie, wenn Sie Ihren Typ ver\u00e4ndern m\u00f6chten oder welche Pflege f\u00fcr Sie die beste ist.<\/p><\/div>\n                                                            <\/div>\n                        <\/div>\n                    <\/div>\n                <\/div>\n                            <div class=\"tile style-not-image\">\n                    <div class=\"tile-inner\">\n                        <div class=\"tile-child tile-front\">\n                            \n                            <div class=\"text-wrapper\">\n                                                                    <h3>F\u00fcr mittellanges Haar<\/h3>\n                                                            <\/div>\n                        <\/div>\n                        <div class=\"tile-child tile-back\">\n                            <div class=\"text-wrapper\">\n                                                                    <h3>F\u00fcr mittellanges Haar<\/h3>\n                                                                                                    <div class=\"text\"><p>F\u00fcr mittellanges Haar:\u00a0Wir bringen Volumen und Struktur in Ihr mittellanges Haar, waschen und f\u00f6hnen es und sorgen mit den richtigen Pflegeprodukten f\u00fcr seidigen Glanz. Auf Wunsch machen wir gerne eine Typberatung und finden den perfekten Haarschnitt f\u00fcr Sie.<\/p><\/div>\n                                                            <\/div>\n                        <\/div>\n                    <\/div>\n                <\/div>\n                            <div class=\"tile style-not-image\">\n                    <div class=\"tile-inner\">\n                        <div class=\"tile-child tile-front\">\n                            \n                            <div class=\"text-wrapper\">\n                                                                    <h3>F\u00fcr langes Haar<\/h3>\n                                                            <\/div>\n                        <\/div>\n                        <div class=\"tile-child tile-back\">\n                            <div class=\"text-wrapper\">\n                                                                    <h3>F\u00fcr langes Haar<\/h3>\n                                                                                                    <div class=\"text\"><p>F\u00fcr langes Haar:\u00a0Ihr langes Haar braucht gute Pflege. Unser Friseur-Team wei\u00df genau, welche Produkte f\u00fcr Sie die richtigen sind. Seidiger Glanz bis in die Haarspitzen, waschen und f\u00f6hnen, damit Sie sich rundum wohlf\u00fchlen.<\/p><\/div>\n                                                            <\/div>\n                        <\/div>\n                    <\/div>\n                <\/div>\n                    <\/div>\n    <\/div>\n\n<div style=\"height:100px\" aria-hidden=\"true\" class=\"wp-block-spacer\"><\/div>\n","protected":false},"excerpt":{"rendered":"Waschen und F\u00f6hnen","protected":false},"author":30,"featured_media":35882,"parent":3598,"menu_order":0,"comment_status":"closed","ping_status":"closed","template":"","meta":{"_acf_changed":false,"footnotes":""},"categories":[],"tags":[],"class_list":["post-3424","page","type-page","status-publish","has-post-thumbnail","hentry"],"acf":[],"yoast_head":"<!-- This site is optimized with the Yoast SEO plugin v26.1.1 - https:\/\/yoast.com\/wordpress\/plugins\/seo\/ -->\n<title>Hairdresser \u00bb Alpenpark Resort Seefeld - for women and men<\/title>\n<meta name=\"description\" content=\"Short or long, men&#039;s cut or an upswept hairstyle - enjoy the time at the hairdresser directly in our Deluxe 4\u2730s Alpenpark Resort in Seefeld -\u00bb More \u21d2\u21d2\" \/>\n<meta name=\"robots\" content=\"index, follow, max-snippet:-1, max-image-preview:large, max-video-preview:-1\" \/>\n<link rel=\"canonical\" href=\"https:\/\/www.alpenpark-seefeld.com\/en\/spa-treatments\/hairdresser\/\" \/>\n<meta property=\"og:locale\" content=\"en_US\" \/>\n<meta property=\"og:type\" content=\"article\" \/>\n<meta property=\"og:title\" content=\"Hairdresser \u00bb Alpenpark Resort Seefeld - for women and men\" \/>\n<meta property=\"og:description\" content=\"Short or long, men&#039;s cut or an upswept hairstyle - enjoy the time at the hairdresser directly in our Deluxe 4\u2730s Alpenpark Resort in Seefeld -\u00bb More \u21d2\u21d2\" \/>\n<meta property=\"og:url\" content=\"https:\/\/www.alpenpark-seefeld.com\/en\/spa-treatments\/hairdresser\/\" \/>\n<meta property=\"og:site_name\" content=\"Alpenpark Resort Seefeld\" \/>\n<meta property=\"article:publisher\" content=\"https:\/\/www.facebook.com\/alpenpark.seefeld\/\" \/>\n<meta property=\"article:modified_time\" content=\"2023-10-16T15:19:58+00:00\" \/>\n<meta property=\"og:image\" content=\"https:\/\/www.alpenpark-seefeld.com\/wp-content\/uploads\/2020\/04\/app-haare.jpg\" \/>\n\t<meta property=\"og:image:width\" content=\"800\" \/>\n\t<meta property=\"og:image:height\" content=\"500\" \/>\n\t<meta property=\"og:image:type\" content=\"image\/jpeg\" \/>\n<meta name=\"twitter:card\" content=\"summary_large_image\" \/>\n<meta name=\"twitter:label1\" content=\"Est. reading time\" \/>\n\t<meta name=\"twitter:data1\" content=\"1 minute\" \/>\n<script type=\"application\/ld+json\" class=\"yoast-schema-graph\">{\"@context\":\"https:\/\/schema.org\",\"@graph\":[{\"@type\":\"WebPage\",\"@id\":\"https:\/\/www.alpenpark-seefeld.com\/en\/spa-treatments\/hairdresser\/\",\"url\":\"https:\/\/www.alpenpark-seefeld.com\/en\/spa-treatments\/hairdresser\/\",\"name\":\"Hairdresser \u00bb Alpenpark Resort Seefeld - for women and men\",\"isPartOf\":{\"@id\":\"https:\/\/www.alpenpark-seefeld.com\/#website\"},\"primaryImageOfPage\":{\"@id\":\"https:\/\/www.alpenpark-seefeld.com\/en\/spa-treatments\/hairdresser\/#primaryimage\"},\"image\":{\"@id\":\"https:\/\/www.alpenpark-seefeld.com\/en\/spa-treatments\/hairdresser\/#primaryimage\"},\"thumbnailUrl\":\"https:\/\/www.alpenpark-seefeld.com\/wp-content\/uploads\/2020\/04\/app-haare.jpg\",\"datePublished\":\"2015-12-07T18:29:22+00:00\",\"dateModified\":\"2023-10-16T15:19:58+00:00\",\"description\":\"Short or long, men's cut or an upswept hairstyle - enjoy the time at the hairdresser directly in our Deluxe 4\u2730s Alpenpark Resort in Seefeld -\u00bb More \u21d2\u21d2\",\"breadcrumb\":{\"@id\":\"https:\/\/www.alpenpark-seefeld.com\/en\/spa-treatments\/hairdresser\/#breadcrumb\"},\"inLanguage\":\"en-US\",\"potentialAction\":[{\"@type\":\"ReadAction\",\"target\":[\"https:\/\/www.alpenpark-seefeld.com\/en\/spa-treatments\/hairdresser\/\"]}]},{\"@type\":\"ImageObject\",\"inLanguage\":\"en-US\",\"@id\":\"https:\/\/www.alpenpark-seefeld.com\/en\/spa-treatments\/hairdresser\/#primaryimage\",\"url\":\"https:\/\/www.alpenpark-seefeld.com\/wp-content\/uploads\/2020\/04\/app-haare.jpg\",\"contentUrl\":\"https:\/\/www.alpenpark-seefeld.com\/wp-content\/uploads\/2020\/04\/app-haare.jpg\",\"width\":800,\"height\":500,\"caption\":\"hochsteckfrisur\"},{\"@type\":\"BreadcrumbList\",\"@id\":\"https:\/\/www.alpenpark-seefeld.com\/en\/spa-treatments\/hairdresser\/#breadcrumb\",\"itemListElement\":[{\"@type\":\"ListItem\",\"position\":1,\"name\":\"Startseite\",\"item\":\"https:\/\/www.alpenpark-seefeld.com\/en\/\"},{\"@type\":\"ListItem\",\"position\":2,\"name\":\"Beauty &#038; Vitality Oasis\",\"item\":\"https:\/\/www.alpenpark-seefeld.com\/en\/spa-treatments\/\"},{\"@type\":\"ListItem\",\"position\":3,\"name\":\"Hairdresser\"}]},{\"@type\":\"WebSite\",\"@id\":\"https:\/\/www.alpenpark-seefeld.com\/#website\",\"url\":\"https:\/\/www.alpenpark-seefeld.com\/\",\"name\":\"Alpenpark Resort Seefeld\",\"description\":\"4****S Holidays Deluxe\",\"publisher\":{\"@id\":\"https:\/\/www.alpenpark-seefeld.com\/#organization\"},\"potentialAction\":[{\"@type\":\"SearchAction\",\"target\":{\"@type\":\"EntryPoint\",\"urlTemplate\":\"https:\/\/www.alpenpark-seefeld.com\/?s={search_term_string}\"},\"query-input\":{\"@type\":\"PropertyValueSpecification\",\"valueRequired\":true,\"valueName\":\"search_term_string\"}}],\"inLanguage\":\"en-US\"},{\"@type\":\"Organization\",\"@id\":\"https:\/\/www.alpenpark-seefeld.com\/#organization\",\"name\":\"4*S Alpenpark Resort Seefeld\",\"url\":\"https:\/\/www.alpenpark-seefeld.com\/\",\"logo\":{\"@type\":\"ImageObject\",\"inLanguage\":\"en-US\",\"@id\":\"https:\/\/www.alpenpark-seefeld.com\/#\/schema\/logo\/image\/\",\"url\":\"https:\/\/www.alpenpark-seefeld.com\/wp-content\/uploads\/2021\/09\/alp-logo-frei.png\",\"contentUrl\":\"https:\/\/www.alpenpark-seefeld.com\/wp-content\/uploads\/2021\/09\/alp-logo-frei.png\",\"width\":229,\"height\":51,\"caption\":\"4*S Alpenpark Resort Seefeld\"},\"image\":{\"@id\":\"https:\/\/www.alpenpark-seefeld.com\/#\/schema\/logo\/image\/\"},\"sameAs\":[\"https:\/\/www.facebook.com\/alpenpark.seefeld\/\",\"https:\/\/www.instagram.com\/alpenpark.seefeld\/\",\"https:\/\/www.youtube.com\/channel\/UC8rqfDBGMyEY9l8Eqw3XP2w\"]}]}<\/script>\n<!-- \/ Yoast SEO plugin. -->","yoast_head_json":{"title":"Hairdresser \u00bb Alpenpark Resort Seefeld - for women and men","description":"Short or long, men's cut or an upswept hairstyle - enjoy the time at the hairdresser directly in our Deluxe 4\u2730s Alpenpark Resort in Seefeld -\u00bb More \u21d2\u21d2","robots":{"index":"index","follow":"follow","max-snippet":"max-snippet:-1","max-image-preview":"max-image-preview:large","max-video-preview":"max-video-preview:-1"},"canonical":"https:\/\/www.alpenpark-seefeld.com\/en\/spa-treatments\/hairdresser\/","og_locale":"en_US","og_type":"article","og_title":"Hairdresser \u00bb Alpenpark Resort Seefeld - for women and men","og_description":"Short or long, men's cut or an upswept hairstyle - enjoy the time at the hairdresser directly in our Deluxe 4\u2730s Alpenpark Resort in Seefeld -\u00bb More \u21d2\u21d2","og_url":"https:\/\/www.alpenpark-seefeld.com\/en\/spa-treatments\/hairdresser\/","og_site_name":"Alpenpark Resort Seefeld","article_publisher":"https:\/\/www.facebook.com\/alpenpark.seefeld\/","article_modified_time":"2023-10-16T15:19:58+00:00","og_image":[{"width":800,"height":500,"url":"https:\/\/www.alpenpark-seefeld.com\/wp-content\/uploads\/2020\/04\/app-haare.jpg","type":"image\/jpeg"}],"twitter_card":"summary_large_image","twitter_misc":{"Est. reading time":"1 minute"},"schema":{"@context":"https:\/\/schema.org","@graph":[{"@type":"WebPage","@id":"https:\/\/www.alpenpark-seefeld.com\/en\/spa-treatments\/hairdresser\/","url":"https:\/\/www.alpenpark-seefeld.com\/en\/spa-treatments\/hairdresser\/","name":"Hairdresser \u00bb Alpenpark Resort Seefeld - for women and men","isPartOf":{"@id":"https:\/\/www.alpenpark-seefeld.com\/#website"},"primaryImageOfPage":{"@id":"https:\/\/www.alpenpark-seefeld.com\/en\/spa-treatments\/hairdresser\/#primaryimage"},"image":{"@id":"https:\/\/www.alpenpark-seefeld.com\/en\/spa-treatments\/hairdresser\/#primaryimage"},"thumbnailUrl":"https:\/\/www.alpenpark-seefeld.com\/wp-content\/uploads\/2020\/04\/app-haare.jpg","datePublished":"2015-12-07T18:29:22+00:00","dateModified":"2023-10-16T15:19:58+00:00","description":"Short or long, men's cut or an upswept hairstyle - enjoy the time at the hairdresser directly in our Deluxe 4\u2730s Alpenpark Resort in Seefeld -\u00bb More \u21d2\u21d2","breadcrumb":{"@id":"https:\/\/www.alpenpark-seefeld.com\/en\/spa-treatments\/hairdresser\/#breadcrumb"},"inLanguage":"en-US","potentialAction":[{"@type":"ReadAction","target":["https:\/\/www.alpenpark-seefeld.com\/en\/spa-treatments\/hairdresser\/"]}]},{"@type":"ImageObject","inLanguage":"en-US","@id":"https:\/\/www.alpenpark-seefeld.com\/en\/spa-treatments\/hairdresser\/#primaryimage","url":"https:\/\/www.alpenpark-seefeld.com\/wp-content\/uploads\/2020\/04\/app-haare.jpg","contentUrl":"https:\/\/www.alpenpark-seefeld.com\/wp-content\/uploads\/2020\/04\/app-haare.jpg","width":800,"height":500,"caption":"hochsteckfrisur"},{"@type":"BreadcrumbList","@id":"https:\/\/www.alpenpark-seefeld.com\/en\/spa-treatments\/hairdresser\/#breadcrumb","itemListElement":[{"@type":"ListItem","position":1,"name":"Startseite","item":"https:\/\/www.alpenpark-seefeld.com\/en\/"},{"@type":"ListItem","position":2,"name":"Beauty &#038; Vitality Oasis","item":"https:\/\/www.alpenpark-seefeld.com\/en\/spa-treatments\/"},{"@type":"ListItem","position":3,"name":"Hairdresser"}]},{"@type":"WebSite","@id":"https:\/\/www.alpenpark-seefeld.com\/#website","url":"https:\/\/www.alpenpark-seefeld.com\/","name":"Alpenpark Resort Seefeld","description":"4****S Holidays Deluxe","publisher":{"@id":"https:\/\/www.alpenpark-seefeld.com\/#organization"},"potentialAction":[{"@type":"SearchAction","target":{"@type":"EntryPoint","urlTemplate":"https:\/\/www.alpenpark-seefeld.com\/?s={search_term_string}"},"query-input":{"@type":"PropertyValueSpecification","valueRequired":true,"valueName":"search_term_string"}}],"inLanguage":"en-US"},{"@type":"Organization","@id":"https:\/\/www.alpenpark-seefeld.com\/#organization","name":"4*S Alpenpark Resort Seefeld","url":"https:\/\/www.alpenpark-seefeld.com\/","logo":{"@type":"ImageObject","inLanguage":"en-US","@id":"https:\/\/www.alpenpark-seefeld.com\/#\/schema\/logo\/image\/","url":"https:\/\/www.alpenpark-seefeld.com\/wp-content\/uploads\/2021\/09\/alp-logo-frei.png","contentUrl":"https:\/\/www.alpenpark-seefeld.com\/wp-content\/uploads\/2021\/09\/alp-logo-frei.png","width":229,"height":51,"caption":"4*S Alpenpark Resort Seefeld"},"image":{"@id":"https:\/\/www.alpenpark-seefeld.com\/#\/schema\/logo\/image\/"},"sameAs":["https:\/\/www.facebook.com\/alpenpark.seefeld\/","https:\/\/www.instagram.com\/alpenpark.seefeld\/","https:\/\/www.youtube.com\/channel\/UC8rqfDBGMyEY9l8Eqw3XP2w"]}]}},"_links":{"self":[{"href":"https:\/\/www.alpenpark-seefeld.com\/en\/wp-json\/wp\/v2\/pages\/3424","targetHints":{"allow":["GET"]}}],"collection":[{"href":"https:\/\/www.alpenpark-seefeld.com\/en\/wp-json\/wp\/v2\/pages"}],"about":[{"href":"https:\/\/www.alpenpark-seefeld.com\/en\/wp-json\/wp\/v2\/types\/page"}],"author":[{"embeddable":true,"href":"https:\/\/www.alpenpark-seefeld.com\/en\/wp-json\/wp\/v2\/users\/30"}],"replies":[{"embeddable":true,"href":"https:\/\/www.alpenpark-seefeld.com\/en\/wp-json\/wp\/v2\/comments?post=3424"}],"version-history":[{"count":13,"href":"https:\/\/www.alpenpark-seefeld.com\/en\/wp-json\/wp\/v2\/pages\/3424\/revisions"}],"predecessor-version":[{"id":62037,"href":"https:\/\/www.alpenpark-seefeld.com\/en\/wp-json\/wp\/v2\/pages\/3424\/revisions\/62037"}],"up":[{"embeddable":true,"href":"https:\/\/www.alpenpark-seefeld.com\/en\/wp-json\/wp\/v2\/pages\/3598"}],"wp:featuredmedia":[{"embeddable":true,"href":"https:\/\/www.alpenpark-seefeld.com\/en\/wp-json\/wp\/v2\/media\/35882"}],"wp:attachment":[{"href":"https:\/\/www.alpenpark-seefeld.com\/en\/wp-json\/wp\/v2\/media?parent=3424"}],"wp:term":[{"taxonomy":"category","embeddable":true,"href":"https:\/\/www.alpenpark-seefeld.com\/en\/wp-json\/wp\/v2\/categories?post=3424"},{"taxonomy":"post_tag","embeddable":true,"href":"https:\/\/www.alpenpark-seefeld.com\/en\/wp-json\/wp\/v2\/tags?post=3424"}],"curies":[{"name":"wp","href":"https:\/\/api.w.org\/{rel}","templated":true}]}}