{"id":4677,"date":"2015-11-25T16:13:53","date_gmt":"2015-11-25T15:13:53","guid":{"rendered":"https:\/\/www.alpenpark-seefeld.com\/it\/kulinarik-genuss\/gourmet-kueche-5-gaenge-menue\/"},"modified":"2025-12-10T09:47:48","modified_gmt":"2025-12-10T08:47:48","slug":"cucina-gourmet","status":"publish","type":"page","link":"https:\/\/www.alpenpark-seefeld.com\/it\/gastronomia-delizie\/cucina-gourmet\/","title":{"rendered":"Cucina gourmet"},"content":{"rendered":"<div id=\"ep-block-swirl-block_4faae31081fcd89a990b2f9506e69ee0\" class=\"ep-block-swirl ep-block \">\n    <div class=\"swirl\">\n        <?xml version=\"1.0\" encoding=\"utf-8\"?>\n<!-- Generator: Adobe Illustrator 25.2.3, SVG Export Plug-In . SVG Version: 6.00 Build 0)  -->\n<svg version=\"1.1\" id=\"Ebene_1\" xmlns=\"http:\/\/www.w3.org\/2000\/svg\" xmlns:xlink=\"http:\/\/www.w3.org\/1999\/xlink\" x=\"0px\" y=\"0px\"\n\t viewBox=\"0 0 381.6 47.6\" style=\"enable-background:new 0 0 381.6 47.6;\" xml:space=\"preserve\">\n<style type=\"text\/css\">\n\t.st0{fill:#FFFFFF;}\n<\/style>\n<g id=\"Gruppe_13\" transform=\"translate(-75.211 -333.373)\">\n\t<path id=\"Pfad_42\" class=\"st0\" d=\"M456.7,346.6c-0.9-6.8-7-10.4-13.1-11.9c-7.1-1.7-15.6-2.3-22.2,1.3c-2,1.1-3.7,2.5-5,4.3\n\t\tc-1.5-0.2-3.1-0.3-4.4-0.4c-10.9-0.5-21.5,1.5-32.1,3.6c-0.4,0.1-0.3,0.7,0.2,0.7c10.5-1.7,21.3-3.4,31.9-2.9\n\t\tc1.2,0.1,2.4,0.1,3.6,0.3c-1.7,2.5-2.4,5.6-2.1,8.6c1.4,12.6,22.1,8.9,17-2.2c-2.1-4.6-7.3-6.6-12.3-7.4c4.8-5.3,13.6-5.9,20.6-4.8\n\t\tc9.1,1.4,19,6.4,15.3,17.3c-2.7,8.1-10.3,14.4-17.5,18.6c-7.6,4.3-16.1,6.6-24.9,6.7c-9.3,0-18.2-2.8-26.7-6.2\n\t\tc-16.3-6.7-32.6-16.5-50.9-15.4c-1.8,0.1-3.6,0.3-5.3,0.7c-7.7-10.9-23.9-15.8-36.3-15.9c-8.3,0-17.6,1.6-24.5,6.7\n\t\tc-5.1,3.7-9.8,10.2-6.8,16.7c2.6,5.7,9.8,7.2,15.4,5.6c8.1-2.2,12.7-10.1,16.5-16.9c0-0.1,0-0.2-0.1-0.2c-0.1,0-0.2,0-0.2,0.1\n\t\tc-4.5,7.1-10.2,16.2-19.6,16.6c-3.8,0.2-7.9-1.1-10.2-4.3c-3-4.3-1.1-9.6,2.1-13.2c5.8-6.6,15.3-9.1,23.7-9.6\n\t\tc8.7-0.6,17.4,1.1,25.3,4.9c4.7,2.3,9.8,5.6,13.2,9.9c-4.8,1-9.1,3.4-12.3,7.1c-3.5,4.2-4.9,10.7,0.1,14.4\n\t\tc4.1,2.8,9.6,2.5,13.4-0.8c4.7-4.2,5.1-11.7,2.6-17.2c-0.4-0.9-0.9-1.8-1.4-2.6c9.5-1.7,19.2,0.4,28.2,3.5\n\t\tc16.4,5.7,31.5,15.8,49.2,17.6c15.3,1.4,30.5-4,41.5-14.7C453,360.2,457.6,353.6,456.7,346.6z M424.3,344c3.5,1.9,7.3,6.1,4.6,10.2\n\t\tc-1.9,2.9-6.2,3.4-9.2,2.4c-4.5-1.5-5.8-6.5-4.6-10.7c0.4-1.5,1.1-2.9,2-4.1C419.6,342.1,422,342.8,424.3,344z M331,367\n\t\tc0.3,4.2-1.1,8.9-4.8,11.2c-3.4,2.2-8.6,2-11.5-1.1c-3.4-3.8-1.3-9,1.7-12.2c3.1-3.4,7.2-5.1,11.6-6.1\n\t\tC329.8,361.2,330.8,364,331,367z\"\/>\n\t<path id=\"Pfad_43\" class=\"st0\" d=\"M83.7,364.9c11,10.7,26.2,16.1,41.5,14.7c17.7-1.8,32.8-11.9,49.2-17.6c9-3.1,18.7-5.2,28.2-3.5\n\t\tc-0.5,0.8-1,1.7-1.4,2.6c-2.5,5.5-2.2,12.9,2.6,17.2c3.8,3.3,9.3,3.6,13.4,0.8c4.9-3.7,3.6-10.3,0.1-14.4\n\t\tc-3.2-3.6-7.6-6.1-12.3-7.1c3.4-4.3,8.5-7.6,13.2-9.9c7.9-3.8,16.6-5.4,25.3-4.9c8.5,0.6,17.9,3,23.7,9.6c3.2,3.6,5.1,8.8,2.1,13.2\n\t\tc-2.2,3.2-6.4,4.5-10.2,4.3c-9.4-0.4-15.1-9.5-19.6-16.6c-0.1-0.1-0.2-0.1-0.2,0c-0.1,0-0.1,0.1-0.1,0.2\n\t\tc3.8,6.8,8.4,14.7,16.5,16.9c5.6,1.5,12.7,0,15.4-5.6c3-6.5-1.8-13-6.8-16.7c-6.8-5-16.2-6.7-24.5-6.7c-12.4,0.1-28.6,5-36.3,15.9\n\t\tc-1.8-0.3-3.5-0.6-5.3-0.7c-18.3-1.1-34.6,8.7-50.9,15.4c-8.5,3.5-17.5,6.3-26.7,6.2c-8.7-0.1-17.3-2.4-24.9-6.7\n\t\tc-7.3-4.1-14.8-10.4-17.5-18.6c-3.7-10.9,6.3-15.9,15.3-17.3c7-1,15.8-0.5,20.6,4.8c-5,0.9-10.2,2.8-12.3,7.4\n\t\tc-5.1,11,15.6,14.8,17,2.2c0.3-3-0.5-6.1-2.1-8.6c1.2-0.1,2.4-0.2,3.6-0.3c10.7-0.5,21.4,1.2,31.9,2.9c0.4,0.1,0.6-0.6,0.2-0.7\n\t\tc-10.6-2.1-21.2-4.1-32.1-3.6c-1.4,0.1-2.9,0.2-4.4,0.4c-1.4-1.8-3.1-3.2-5-4.3c-6.6-3.6-15.1-3-22.2-1.3\n\t\tc-6.1,1.5-12.2,5.1-13.1,11.9C74.4,353.6,78.9,360.2,83.7,364.9z M114.9,341.7c0.9,1.2,1.5,2.6,2,4.1c1.2,4.2-0.1,9.2-4.6,10.7\n\t\tc-3,1-7.3,0.5-9.2-2.4c-2.7-4.1,1.1-8.3,4.6-10.2C110,342.8,112.4,342.1,114.9,341.7z M203.9,358.8c4.4,1,8.5,2.7,11.6,6.1\n\t\tc3,3.2,5.1,8.4,1.7,12.2c-2.8,3.1-8,3.3-11.5,1.1c-3.7-2.3-5.1-7.1-4.8-11.2C201.2,364,202.2,361.2,203.9,358.8L203.9,358.8z\"\/>\n<\/g>\n<\/svg>\n    <\/div>\n<\/div>\n\n\n<div style=\"height:65px\" aria-hidden=\"true\" class=\"wp-block-spacer\"><\/div>\n\n\n    <div id=\"ep-block-pre-text-block_94995cadfea5ea740ecc31b59be1dd91\" class=\"ep-block-pre-text ep-block \">\n        <div class=\"pre-text\">\n            <p>Benvenuti nella cucina gourmet dell\u2019Alpenpark Resort Seefeld \u2013 dove la cordialit\u00e0 tirolese incontra la creativit\u00e0 culinaria. Il nostro team di cucina vi vizia con piatti preparati con amore, realizzati con ingredienti freschi e perlopi\u00f9 regionali. Freschezza, qualit\u00e0 e variet\u00e0 sono i pilastri della nostra filosofia gastronomica \u2013 e si avvertono ad ogni boccone.<\/p>\n\n        <\/div>\n    <\/div>\n\n\n\n<div style=\"height:100px\" aria-hidden=\"true\" class=\"wp-block-spacer\"><\/div>\n\n\n<div id=\"ep-block-text-image-block_9dfea9ce477272515f0a4faf702d6c66\" class=\"ep-block-text-image ep-block  layout-beige image-left\">\n\n                                                                        \n        <div class=\"image-holder\" style=\"\">\n            <picture class=\"image\">\n                <source srcset=\"https:\/\/www.alpenpark-seefeld.com\/wp-content\/uploads\/2022\/08\/alpenpark-seefeld-models-mai-2022-copyright-davidjohansson-8006-print-scaled-560x580-c-center.jpg 1x\" media=\"(min-width: 1024px)\"\/>\n                <source srcset=\"https:\/\/www.alpenpark-seefeld.com\/wp-content\/uploads\/2022\/08\/alpenpark-seefeld-models-mai-2022-copyright-davidjohansson-8006-print-scaled-768x800-c-center.jpg 1x\" media=\"(min-width: 768px)\"\/>\n                <source srcset=\"https:\/\/www.alpenpark-seefeld.com\/wp-content\/uploads\/2022\/08\/alpenpark-seefeld-models-mai-2022-copyright-davidjohansson-8006-print-scaled-768x800-c-center.jpg 1x\" media=\"(max-width: 767px)\"\/>\n                <img decoding=\"async\" src=\"https:\/\/www.alpenpark-seefeld.com\/wp-content\/uploads\/2022\/08\/alpenpark-seefeld-models-mai-2022-copyright-davidjohansson-8006-print-scaled-768x800-c-center.jpg\" alt=\"alpenpark-seefeld-models-mai-2022-copyright-DavidJohansson-8006-print\" title=\"alpenpark-seefeld-models-mai-2022-copyright-DavidJohansson-8006-print\"\/>\n            <\/picture>\n        <\/div>\n    \n    \n    <div class=\"text-holder\">\n        <div class=\"inner\">\n                            <h3 class=\"sub-title\">Iniziate la giornata con gusto<\/h3>\n            \n                            <h2 class=\"title\">La vostra colazione gourmet all\u2019Alpenpark Resort Seefeld<\/h2>\n            \n                            <div class=\"text\"><p>Il profumo del caff\u00e8 appena fatto, dei croissant caldi e del pane contadino croccante: cos\u00ec inizia una mattina perfetta nelle Alpi tirolesi.<br \/>\nNel nostro \u2729\u2729\u2729\u2729S Alpenpark Resort vi attende un ricco buffet di colazione che coccola corpo e spirito.<\/p>\n<p>Dalle <strong>8:00 alle 10:30<\/strong>, potrete gustare specialit\u00e0 vitali e regionali \u2013 l\u2019ideale per iniziare la giornata con energia.<br \/>\nChe programmiate un\u2019escursione, un giro in bici o una giornata di relax nella spa, la nostra colazione \u00e8 varia quanto la vostra vacanza.<\/p>\n<p><strong>Godetevi:<\/strong><\/p>\n<ul>\n<li>Angolo vital con frutta fresca, muesli, yogurt e frutta secca<\/li>\n<li>Piatti a base di uova e waffle preparati al momento<\/li>\n<li>Specialit\u00e0 salate con formaggi, salumi e spalmabili tirolesi<\/li>\n<li>Angolo dolce con marmellate fatte in casa e pasticceria<\/li>\n<li>Juice bar e selezione di t\u00e8 con acqua di sorgente di Seefeld<\/li>\n<\/ul>\n<p>Con il bel tempo, potete fare colazione sulla nostra terrazza soleggiata \u2013 con vista sulle montagne e il piacere di stare immersi nella natura.<\/p>\n<\/div>\n            \n            \n        <\/div>\n    <\/div>\n\n    <\/div>\n\n\n<div style=\"height:65px\" aria-hidden=\"true\" class=\"wp-block-spacer\"><\/div>\n\n\n    <div id=\"ep-block-accordion-block_fed7407978e21dc76b854f9237900536\" class=\"ep-block-accordion ep-block \">\n        <div class=\"ep-accordion\">\n                            <div class=\"accordion-item\">\n                    <div class=\"accordion-title\">\n                        <span class=\"title\">\n                                                              Un risveglio gustoso anche per i pi\u00f9 piccoli\n                                                     <\/span>\n                        <span class=\"icon\"><i class=\"ti-angle-down\"><\/i><\/span>\n                    <\/div>\n                    <div class=\"accordion-content has-image \">\n                        <div class=\"inner\">\n                                                            <div class=\"image-wrapper\">\n                                                                                                            \n                                                                                                                                                <picture>\n                                        <source srcset=\"https:\/\/www.alpenpark-seefeld.com\/wp-content\/uploads\/2015\/11\/buffet-speisesaal-alpenpark-seefeld-familienhotel-2344-dj-500x500-c-center.jpg 1x\" media=\"(min-width: 1024px)\"\/>\n                                        <source srcset=\"https:\/\/www.alpenpark-seefeld.com\/wp-content\/uploads\/2015\/11\/buffet-speisesaal-alpenpark-seefeld-familienhotel-2344-dj-500x500-c-center.jpg 1x\" media=\"(min-width: 768px)\"\/>\n                                        <source srcset=\"https:\/\/www.alpenpark-seefeld.com\/wp-content\/uploads\/2015\/11\/buffet-speisesaal-alpenpark-seefeld-familienhotel-2344-dj-767x767-c-center.jpg 1x\" media=\"(max-width: 767px)\"\/>\n                                        <img decoding=\"async\" src=\"https:\/\/www.alpenpark-seefeld.com\/wp-content\/uploads\/2015\/11\/buffet-speisesaal-alpenpark-seefeld-familienhotel-2344-dj-767x767-c-center.jpg\" alt=\"buffet-speisesaal-alpenpark-seefeld-familienhotel-2344-dj\" title=\"buffet-speisesaal-alpenpark-seefeld-familienhotel-2344-dj\"\/>\n                                    <\/picture>\n                                <\/div>\n                                                                                        <div class=\"text-wrapper\"><p>All\u2019Alpenpark Resort, anche la colazione diventa un\u2019esperienza divertente per i bambini.<br \/>\nAl buffet della colazione dedicato, i giovani buongustai possono scegliere ci\u00f2 che preferiscono: cornflakes croccanti, frutta fresca, mini waffle o panini colorati.<\/p>\n<p>La nostra cucina presta attenzione a ingredienti equilibrati e porzioni adatte ai bambini, cos\u00ec anche i pi\u00f9 piccoli iniziano la giornata con la giusta energia.<\/p>\n<p>Cos\u00ec la vacanza a Seefeld diventa un piacere \u2013 con buon cibo e tanti sorrisi!<\/p>\n<\/div>\n                                                    <\/div>\n                    <\/div>\n                <\/div>\n                            <div class=\"accordion-item\">\n                    <div class=\"accordion-title\">\n                        <span class=\"title\">\n                                                              Tutto per i nostri piccolissimi \u2013 il buffet Hipp\n                                                     <\/span>\n                        <span class=\"icon\"><i class=\"ti-angle-down\"><\/i><\/span>\n                    <\/div>\n                    <div class=\"accordion-content has-image \">\n                        <div class=\"inner\">\n                                                            <div class=\"image-wrapper\">\n                                                                                                            \n                                                                                                                                                <picture>\n                                        <source srcset=\"https:\/\/www.alpenpark-seefeld.com\/wp-content\/uploads\/2025\/11\/alp-baby-hipp-fruehstueck35-500x500-c-center.jpg 1x\" media=\"(min-width: 1024px)\"\/>\n                                        <source srcset=\"https:\/\/www.alpenpark-seefeld.com\/wp-content\/uploads\/2025\/11\/alp-baby-hipp-fruehstueck35-500x500-c-center.jpg 1x\" media=\"(min-width: 768px)\"\/>\n                                        <source srcset=\"https:\/\/www.alpenpark-seefeld.com\/wp-content\/uploads\/2025\/11\/alp-baby-hipp-fruehstueck35-767x767-c-center.jpg 1x\" media=\"(max-width: 767px)\"\/>\n                                        <img decoding=\"async\" src=\"https:\/\/www.alpenpark-seefeld.com\/wp-content\/uploads\/2025\/11\/alp-baby-hipp-fruehstueck35-767x767-c-center.jpg\" alt=\"\" title=\"alp-baby-hipp-fruehstueck35\"\/>\n                                    <\/picture>\n                                <\/div>\n                                                                                        <div class=\"text-wrapper\"><p>Per le famiglie con neonati offriamo un comfort speciale: nell\u2019ambito della mezza pensione \u00e8 disponibile ogni giorno il nostro buffet Hipp.<br \/>\nI genitori trovano una selezione di prodotti Hipp di alta qualit\u00e0 e adatti all\u2019et\u00e0 \u2013 per un\u2019alimentazione sicura e sana.<\/p>\n<p>Omogeneizzati, pappe, latte \u2013 tutto accuratamente selezionato e preparato con cura, affinch\u00e9 anche gli ospiti pi\u00f9 piccoli siano sempre ben nutriti.<\/p>\n<p>Cos\u00ec i genitori possono godersi il caff\u00e8 in totale tranquillit\u00e0, mentre i loro piccoli assaporano nuove scoperte.<\/p>\n<\/div>\n                                                    <\/div>\n                    <\/div>\n                <\/div>\n                    <\/div>\n    <\/div>\n\n\n\n<div style=\"height:100px\" aria-hidden=\"true\" class=\"wp-block-spacer\"><\/div>\n\n\n    <div id=\"ep-block-gallery-block_69d3d571d5044845eb27721709567564\" class=\"ep-block-gallery ep-block \">\n        <a href=\"#\" class=\"slick-prev-next slick-prev\">\n            <i class=\"ti-angle-left\"><\/i>\n        <\/a>\n        <div class=\"slider\">\n                            <div class=\"slider-item\">\n                                                                                    \n                                                                                \n                    <a href=\"https:\/\/www.alpenpark-seefeld.com\/wp-content\/uploads\/2015\/11\/kulinarik-alpenpark-seefeld-8113-dj-1024x768-c-center.jpg\" class=\"ep-gallery-image-link\">\n                        <picture class=\"image\">\n                            <source srcset=\"https:\/\/www.alpenpark-seefeld.com\/wp-content\/uploads\/2015\/11\/kulinarik-alpenpark-seefeld-8113-dj-636x423-c-center.jpg 1x\" media=\"(min-width: 1024px)\"\/>\n                            <source srcset=\"https:\/\/www.alpenpark-seefeld.com\/wp-content\/uploads\/2015\/11\/kulinarik-alpenpark-seefeld-8113-dj-636x423-c-center.jpg 1x\" media=\"(min-width: 768px)\"\/>\n                            <source srcset=\"https:\/\/www.alpenpark-seefeld.com\/wp-content\/uploads\/2015\/11\/kulinarik-alpenpark-seefeld-8113-dj-636x423-c-center.jpg 1x\" media=\"(max-width: 767px)\"\/>\n                            <img decoding=\"async\" src=\"https:\/\/www.alpenpark-seefeld.com\/wp-content\/uploads\/2015\/11\/kulinarik-alpenpark-seefeld-8113-dj-636x423-c-center.jpg\" alt=\"kulinarik-alpenpark-seefeld-8113-dj\" title=\"kulinarik-alpenpark-seefeld-8113-dj\"\/>\n                        <\/picture>\n                        <div class=\"overlay\"><i class=\"ti-search\"><\/i><\/div>\n                    <\/a>\n                <\/div>\n                            <div class=\"slider-item\">\n                                                                                    \n                                                                                \n                    <a href=\"https:\/\/www.alpenpark-seefeld.com\/wp-content\/uploads\/2022\/08\/alpenpark-seefeld-familie-juni-2022-copyright-davidjohansson-2344-print-scaled-1024x768-c-center.jpg\" class=\"ep-gallery-image-link\">\n                        <picture class=\"image\">\n                            <source srcset=\"https:\/\/www.alpenpark-seefeld.com\/wp-content\/uploads\/2022\/08\/alpenpark-seefeld-familie-juni-2022-copyright-davidjohansson-2344-print-scaled-636x423-c-center.jpg 1x\" media=\"(min-width: 1024px)\"\/>\n                            <source srcset=\"https:\/\/www.alpenpark-seefeld.com\/wp-content\/uploads\/2022\/08\/alpenpark-seefeld-familie-juni-2022-copyright-davidjohansson-2344-print-scaled-636x423-c-center.jpg 1x\" media=\"(min-width: 768px)\"\/>\n                            <source srcset=\"https:\/\/www.alpenpark-seefeld.com\/wp-content\/uploads\/2022\/08\/alpenpark-seefeld-familie-juni-2022-copyright-davidjohansson-2344-print-scaled-636x423-c-center.jpg 1x\" media=\"(max-width: 767px)\"\/>\n                            <img decoding=\"async\" src=\"https:\/\/www.alpenpark-seefeld.com\/wp-content\/uploads\/2022\/08\/alpenpark-seefeld-familie-juni-2022-copyright-davidjohansson-2344-print-scaled-636x423-c-center.jpg\" alt=\"\" title=\"alpenpark-seefeld-familie-juni-2022-copyright-DavidJohansson-2344-print\"\/>\n                        <\/picture>\n                        <div class=\"overlay\"><i class=\"ti-search\"><\/i><\/div>\n                    <\/a>\n                <\/div>\n                            <div class=\"slider-item\">\n                                                                                    \n                                                                                \n                    <a href=\"https:\/\/www.alpenpark-seefeld.com\/wp-content\/uploads\/2022\/08\/alpenpark-seefeld-models-mai-2022-copyright-davidjohansson-8081-print-scaled-1024x768-c-center.jpg\" class=\"ep-gallery-image-link\">\n                        <picture class=\"image\">\n                            <source srcset=\"https:\/\/www.alpenpark-seefeld.com\/wp-content\/uploads\/2022\/08\/alpenpark-seefeld-models-mai-2022-copyright-davidjohansson-8081-print-scaled-636x423-c-center.jpg 1x\" media=\"(min-width: 1024px)\"\/>\n                            <source srcset=\"https:\/\/www.alpenpark-seefeld.com\/wp-content\/uploads\/2022\/08\/alpenpark-seefeld-models-mai-2022-copyright-davidjohansson-8081-print-scaled-636x423-c-center.jpg 1x\" media=\"(min-width: 768px)\"\/>\n                            <source srcset=\"https:\/\/www.alpenpark-seefeld.com\/wp-content\/uploads\/2022\/08\/alpenpark-seefeld-models-mai-2022-copyright-davidjohansson-8081-print-scaled-636x423-c-center.jpg 1x\" media=\"(max-width: 767px)\"\/>\n                            <img decoding=\"async\" src=\"https:\/\/www.alpenpark-seefeld.com\/wp-content\/uploads\/2022\/08\/alpenpark-seefeld-models-mai-2022-copyright-davidjohansson-8081-print-scaled-636x423-c-center.jpg\" alt=\"alpenpark-seefeld-models-mai-2022-copyright-DavidJohansson-8081-print\" title=\"alpenpark-seefeld-models-mai-2022-copyright-DavidJohansson-8081-print\"\/>\n                        <\/picture>\n                        <div class=\"overlay\"><i class=\"ti-search\"><\/i><\/div>\n                    <\/a>\n                <\/div>\n                            <div class=\"slider-item\">\n                                                                                    \n                                                                                \n                    <a href=\"https:\/\/www.alpenpark-seefeld.com\/wp-content\/uploads\/2022\/08\/alpenpark-seefeld-models-mai-2022-copyright-davidjohansson-8128-print-scaled-1024x768-c-center.jpg\" class=\"ep-gallery-image-link\">\n                        <picture class=\"image\">\n                            <source srcset=\"https:\/\/www.alpenpark-seefeld.com\/wp-content\/uploads\/2022\/08\/alpenpark-seefeld-models-mai-2022-copyright-davidjohansson-8128-print-scaled-636x423-c-center.jpg 1x\" media=\"(min-width: 1024px)\"\/>\n                            <source srcset=\"https:\/\/www.alpenpark-seefeld.com\/wp-content\/uploads\/2022\/08\/alpenpark-seefeld-models-mai-2022-copyright-davidjohansson-8128-print-scaled-636x423-c-center.jpg 1x\" media=\"(min-width: 768px)\"\/>\n                            <source srcset=\"https:\/\/www.alpenpark-seefeld.com\/wp-content\/uploads\/2022\/08\/alpenpark-seefeld-models-mai-2022-copyright-davidjohansson-8128-print-scaled-636x423-c-center.jpg 1x\" media=\"(max-width: 767px)\"\/>\n                            <img decoding=\"async\" src=\"https:\/\/www.alpenpark-seefeld.com\/wp-content\/uploads\/2022\/08\/alpenpark-seefeld-models-mai-2022-copyright-davidjohansson-8128-print-scaled-636x423-c-center.jpg\" alt=\"alpenpark-seefeld-models-mai-2022-copyright-DavidJohansson-8128-print\" title=\"alpenpark-seefeld-models-mai-2022-copyright-DavidJohansson-8128-print\"\/>\n                        <\/picture>\n                        <div class=\"overlay\"><i class=\"ti-search\"><\/i><\/div>\n                    <\/a>\n                <\/div>\n                            <div class=\"slider-item\">\n                                                                                    \n                                                                                \n                    <a href=\"https:\/\/www.alpenpark-seefeld.com\/wp-content\/uploads\/2023\/04\/alpenpark-seefeld-models-mai-2022-davidjohansson-8196-web-1024x768-c-center.jpg\" class=\"ep-gallery-image-link\">\n                        <picture class=\"image\">\n                            <source srcset=\"https:\/\/www.alpenpark-seefeld.com\/wp-content\/uploads\/2023\/04\/alpenpark-seefeld-models-mai-2022-davidjohansson-8196-web-636x423-c-center.jpg 1x\" media=\"(min-width: 1024px)\"\/>\n                            <source srcset=\"https:\/\/www.alpenpark-seefeld.com\/wp-content\/uploads\/2023\/04\/alpenpark-seefeld-models-mai-2022-davidjohansson-8196-web-636x423-c-center.jpg 1x\" media=\"(min-width: 768px)\"\/>\n                            <source srcset=\"https:\/\/www.alpenpark-seefeld.com\/wp-content\/uploads\/2023\/04\/alpenpark-seefeld-models-mai-2022-davidjohansson-8196-web-636x423-c-center.jpg 1x\" media=\"(max-width: 767px)\"\/>\n                            <img decoding=\"async\" src=\"https:\/\/www.alpenpark-seefeld.com\/wp-content\/uploads\/2023\/04\/alpenpark-seefeld-models-mai-2022-davidjohansson-8196-web-636x423-c-center.jpg\" alt=\"alpenpark-seefeld-models-mai-2022-\u00a9DavidJohansson-8196-web\" title=\"alpenpark-seefeld-models-mai-2022-\u00a9DavidJohansson-8196-web\"\/>\n                        <\/picture>\n                        <div class=\"overlay\"><i class=\"ti-search\"><\/i><\/div>\n                    <\/a>\n                <\/div>\n                            <div class=\"slider-item\">\n                                                                                    \n                                                                                \n                    <a href=\"https:\/\/www.alpenpark-seefeld.com\/wp-content\/uploads\/2023\/04\/alpenpark-seefeld-models-mai-2022-davidjohansson-8050-web-1024x768-c-center.jpg\" class=\"ep-gallery-image-link\">\n                        <picture class=\"image\">\n                            <source srcset=\"https:\/\/www.alpenpark-seefeld.com\/wp-content\/uploads\/2023\/04\/alpenpark-seefeld-models-mai-2022-davidjohansson-8050-web-636x423-c-center.jpg 1x\" media=\"(min-width: 1024px)\"\/>\n                            <source srcset=\"https:\/\/www.alpenpark-seefeld.com\/wp-content\/uploads\/2023\/04\/alpenpark-seefeld-models-mai-2022-davidjohansson-8050-web-636x423-c-center.jpg 1x\" media=\"(min-width: 768px)\"\/>\n                            <source srcset=\"https:\/\/www.alpenpark-seefeld.com\/wp-content\/uploads\/2023\/04\/alpenpark-seefeld-models-mai-2022-davidjohansson-8050-web-636x423-c-center.jpg 1x\" media=\"(max-width: 767px)\"\/>\n                            <img decoding=\"async\" src=\"https:\/\/www.alpenpark-seefeld.com\/wp-content\/uploads\/2023\/04\/alpenpark-seefeld-models-mai-2022-davidjohansson-8050-web-636x423-c-center.jpg\" alt=\"alpenpark-seefeld-models-mai-2022-\u00a9DavidJohansson-8050-web\" title=\"alpenpark-seefeld-models-mai-2022-\u00a9DavidJohansson-8050-web\"\/>\n                        <\/picture>\n                        <div class=\"overlay\"><i class=\"ti-search\"><\/i><\/div>\n                    <\/a>\n                <\/div>\n                            <div class=\"slider-item\">\n                                                                                    \n                                                                                \n                    <a href=\"https:\/\/www.alpenpark-seefeld.com\/wp-content\/uploads\/2025\/10\/fichier13-scaled-1024x768-c-center.jpg\" class=\"ep-gallery-image-link\">\n                        <picture class=\"image\">\n                            <source srcset=\"https:\/\/www.alpenpark-seefeld.com\/wp-content\/uploads\/2025\/10\/fichier13-scaled-636x423-c-center.jpg 1x\" media=\"(min-width: 1024px)\"\/>\n                            <source srcset=\"https:\/\/www.alpenpark-seefeld.com\/wp-content\/uploads\/2025\/10\/fichier13-scaled-636x423-c-center.jpg 1x\" media=\"(min-width: 768px)\"\/>\n                            <source srcset=\"https:\/\/www.alpenpark-seefeld.com\/wp-content\/uploads\/2025\/10\/fichier13-scaled-636x423-c-center.jpg 1x\" media=\"(max-width: 767px)\"\/>\n                            <img decoding=\"async\" src=\"https:\/\/www.alpenpark-seefeld.com\/wp-content\/uploads\/2025\/10\/fichier13-scaled-636x423-c-center.jpg\" alt=\"verschiedene Marmeladen am Fr\u00fchst\u00fccksbuffet\" title=\"fichier13\"\/>\n                        <\/picture>\n                        <div class=\"overlay\"><i class=\"ti-search\"><\/i><\/div>\n                    <\/a>\n                <\/div>\n                            <div class=\"slider-item\">\n                                                                                    \n                                                                                \n                    <a href=\"https:\/\/www.alpenpark-seefeld.com\/wp-content\/uploads\/2025\/10\/fichier29-scaled-1024x768-c-center.jpg\" class=\"ep-gallery-image-link\">\n                        <picture class=\"image\">\n                            <source srcset=\"https:\/\/www.alpenpark-seefeld.com\/wp-content\/uploads\/2025\/10\/fichier29-scaled-636x423-c-center.jpg 1x\" media=\"(min-width: 1024px)\"\/>\n                            <source srcset=\"https:\/\/www.alpenpark-seefeld.com\/wp-content\/uploads\/2025\/10\/fichier29-scaled-636x423-c-center.jpg 1x\" media=\"(min-width: 768px)\"\/>\n                            <source srcset=\"https:\/\/www.alpenpark-seefeld.com\/wp-content\/uploads\/2025\/10\/fichier29-scaled-636x423-c-center.jpg 1x\" media=\"(max-width: 767px)\"\/>\n                            <img decoding=\"async\" src=\"https:\/\/www.alpenpark-seefeld.com\/wp-content\/uploads\/2025\/10\/fichier29-scaled-636x423-c-center.jpg\" alt=\"Der Speisesaal am Abend\" title=\"fichier29\"\/>\n                        <\/picture>\n                        <div class=\"overlay\"><i class=\"ti-search\"><\/i><\/div>\n                    <\/a>\n                <\/div>\n                            <div class=\"slider-item\">\n                                                                                    \n                                                                                \n                    <a href=\"https:\/\/www.alpenpark-seefeld.com\/wp-content\/uploads\/2025\/10\/fichier33-scaled-1024x768-c-center.jpg\" class=\"ep-gallery-image-link\">\n                        <picture class=\"image\">\n                            <source srcset=\"https:\/\/www.alpenpark-seefeld.com\/wp-content\/uploads\/2025\/10\/fichier33-scaled-636x423-c-center.jpg 1x\" media=\"(min-width: 1024px)\"\/>\n                            <source srcset=\"https:\/\/www.alpenpark-seefeld.com\/wp-content\/uploads\/2025\/10\/fichier33-scaled-636x423-c-center.jpg 1x\" media=\"(min-width: 768px)\"\/>\n                            <source srcset=\"https:\/\/www.alpenpark-seefeld.com\/wp-content\/uploads\/2025\/10\/fichier33-scaled-636x423-c-center.jpg 1x\" media=\"(max-width: 767px)\"\/>\n                            <img decoding=\"async\" src=\"https:\/\/www.alpenpark-seefeld.com\/wp-content\/uploads\/2025\/10\/fichier33-scaled-636x423-c-center.jpg\" alt=\"Frontalbild eines Desserts mit der Getr\u00e4nkekarte im Hintegrund\" title=\"fichier33\"\/>\n                        <\/picture>\n                        <div class=\"overlay\"><i class=\"ti-search\"><\/i><\/div>\n                    <\/a>\n                <\/div>\n                            <div class=\"slider-item\">\n                                                                                    \n                                                                                \n                    <a href=\"https:\/\/www.alpenpark-seefeld.com\/wp-content\/uploads\/2025\/11\/alp-baby-hipp-fruehstueck35-1024x768-c-center.jpg\" class=\"ep-gallery-image-link\">\n                        <picture class=\"image\">\n                            <source srcset=\"https:\/\/www.alpenpark-seefeld.com\/wp-content\/uploads\/2025\/11\/alp-baby-hipp-fruehstueck35-636x423-c-center.jpg 1x\" media=\"(min-width: 1024px)\"\/>\n                            <source srcset=\"https:\/\/www.alpenpark-seefeld.com\/wp-content\/uploads\/2025\/11\/alp-baby-hipp-fruehstueck35-636x423-c-center.jpg 1x\" media=\"(min-width: 768px)\"\/>\n                            <source srcset=\"https:\/\/www.alpenpark-seefeld.com\/wp-content\/uploads\/2025\/11\/alp-baby-hipp-fruehstueck35-636x423-c-center.jpg 1x\" media=\"(max-width: 767px)\"\/>\n                            <img decoding=\"async\" src=\"https:\/\/www.alpenpark-seefeld.com\/wp-content\/uploads\/2025\/11\/alp-baby-hipp-fruehstueck35-636x423-c-center.jpg\" alt=\"\" title=\"alp-baby-hipp-fruehstueck35\"\/>\n                        <\/picture>\n                        <div class=\"overlay\"><i class=\"ti-search\"><\/i><\/div>\n                    <\/a>\n                <\/div>\n                    <\/div>\n\n        <a href=\"#\" class=\"slick-prev-next slick-next\">\n            <i class=\"ti-angle-right\"><\/i>\n        <\/a>\n    <\/div>\n\n\n\n<div style=\"height:100px\" aria-hidden=\"true\" class=\"wp-block-spacer\"><\/div>\n\n\n<div id=\"ep-block-text-image-block_0a9127be5cf81c1a22ecabfdfef76c1e\" class=\"ep-block-text-image ep-block  layout-beige image-right\">\n\n                                                                        \n        <div class=\"image-holder\" style=\"\">\n            <picture class=\"image\">\n                <source srcset=\"https:\/\/www.alpenpark-seefeld.com\/wp-content\/uploads\/2022\/07\/speisesaal-gedeckter-tisch-alpenpark-seefeld-3941-dj-560x580-c-center.jpg 1x\" media=\"(min-width: 1024px)\"\/>\n                <source srcset=\"https:\/\/www.alpenpark-seefeld.com\/wp-content\/uploads\/2022\/07\/speisesaal-gedeckter-tisch-alpenpark-seefeld-3941-dj-768x800-c-center.jpg 1x\" media=\"(min-width: 768px)\"\/>\n                <source srcset=\"https:\/\/www.alpenpark-seefeld.com\/wp-content\/uploads\/2022\/07\/speisesaal-gedeckter-tisch-alpenpark-seefeld-3941-dj-768x800-c-center.jpg 1x\" media=\"(max-width: 767px)\"\/>\n                <img decoding=\"async\" src=\"https:\/\/www.alpenpark-seefeld.com\/wp-content\/uploads\/2022\/07\/speisesaal-gedeckter-tisch-alpenpark-seefeld-3941-dj-768x800-c-center.jpg\" alt=\"speisesaal-gedeckter-tisch-alpenpark-seefeld-3941-dj\" title=\"speisesaal-gedeckter-tisch-alpenpark-seefeld-3941-dj\"\/>\n            <\/picture>\n        <\/div>\n    \n    \n    <div class=\"text-holder\">\n        <div class=\"inner\">\n                            <h3 class=\"sub-title\">Momenti gastronomici della sera<\/h3>\n            \n                            <h2 class=\"title\">Alta cucina gourmet \u2013 quattro portate di puro piacere<\/h2>\n            \n                            <div class=\"text\"><p>Quando il sole tramonta dietro le montagne tirolesi, all\u2019Alpenpark Resort \u2729\u2729\u2729\u2729S inizia uno dei momenti pi\u00f9 attesi della giornata: la cena.<br \/>\nDalle 18:00 alle 20:00, vi serviamo un elegante men\u00f9 a 4 portate, con nuove proposte ogni sera.<\/p>\n<p>Antipasti raffinati, zuppe, piatti principali e dessert si combinano con vini selezionati dalla nostra cantina.<br \/>\nChe preferiate piatti regionali, vegetariani o il nostro men\u00f9 vital pi\u00f9 leggero, ogni portata viene preparata con creativit\u00e0, cura e ingredienti freschissimi.<\/p>\n<p>Il nostro chef e la sua brigata puntano su qualit\u00e0, regionalit\u00e0 e variet\u00e0 \u2013 perch\u00e9 per noi la cucina gourmet non \u00e8 solo cibo, ma un vero stile di vita.<\/p>\n<p>Godetevi la cena in un ambiente elegante oppure, con il bel tempo, sulla terrazza sotto il cielo stellato di Seefeld.<br \/>\nUn bicchiere di vino, musica leggera e il profumo delle erbe alpine renderanno la vostra serata indimenticabile.<\/p>\n<\/div>\n            \n            \n                                \n                <div class=\"link-wrapper\">\n                    <a href=\"https:\/\/www.alpenpark-seefeld.com\/it\/holiday-request\/\" target=\"\" title=\"Invia richiesta di soggiorno\" class=\"btn red\">\n                        Invia richiesta di soggiorno\n                    <\/a>\n                <\/div>\n            \n        <\/div>\n    <\/div>\n\n    <\/div>\n\n\n<div style=\"height:65px\" aria-hidden=\"true\" class=\"wp-block-spacer\"><\/div>\n\n\n    <div id=\"ep-block-accordion-block_e5eae04e5f6190599339308ee1f4a5d8\" class=\"ep-block-accordion ep-block \">\n        <div class=\"ep-accordion\">\n                            <div class=\"accordion-item\">\n                    <div class=\"accordion-title\">\n                        <span class=\"title\">\n                                                              Gustare insieme \u2013 la cena in famiglia all\u2019Alpenpark Resort\n                                                     <\/span>\n                        <span class=\"icon\"><i class=\"ti-angle-down\"><\/i><\/span>\n                    <\/div>\n                    <div class=\"accordion-content has-image \">\n                        <div class=\"inner\">\n                                                            <div class=\"image-wrapper\">\n                                                                                                            \n                                                                                                                                                <picture>\n                                        <source srcset=\"https:\/\/www.alpenpark-seefeld.com\/wp-content\/uploads\/2017\/09\/familie-beim-abendesssen-3669-web-500x500-c-center.jpg 1x\" media=\"(min-width: 1024px)\"\/>\n                                        <source srcset=\"https:\/\/www.alpenpark-seefeld.com\/wp-content\/uploads\/2017\/09\/familie-beim-abendesssen-3669-web-500x500-c-center.jpg 1x\" media=\"(min-width: 768px)\"\/>\n                                        <source srcset=\"https:\/\/www.alpenpark-seefeld.com\/wp-content\/uploads\/2017\/09\/familie-beim-abendesssen-3669-web-767x767-c-center.jpg 1x\" media=\"(max-width: 767px)\"\/>\n                                        <img decoding=\"async\" src=\"https:\/\/www.alpenpark-seefeld.com\/wp-content\/uploads\/2017\/09\/familie-beim-abendesssen-3669-web-767x767-c-center.jpg\" alt=\"\" title=\"Familie beim Abendesssen-3669-web\"\/>\n                                    <\/picture>\n                                <\/div>\n                                                                                        <div class=\"text-wrapper\"><p>All\u2019Alpenpark Resort, il piacere della tavola \u00e8 una tradizione di famiglia!<br \/>\nNel ristorante principale, genitori e bambini possono godersi una cena rilassata tutti insieme.<br \/>\nMentre scegliete il vostro men\u00f9 a 4 portate, i bambini trovano un ricco buffet tutto per loro, con i piatti pi\u00f9 amati.<\/p>\n<p>La nostra cucina utilizza ingredienti freschi e sani, preparando tutto in modo adatto ai piccoli ospiti, cos\u00ec grandi e piccini possono assaporare la cena con soddisfazione.<\/p>\n<p>La cena diventa cos\u00ec un vero momento di famiglia \u2013 pieno di gusto, risate e tempo condiviso.<\/p>\n<\/div>\n                                                    <\/div>\n                    <\/div>\n                <\/div>\n                            <div class=\"accordion-item\">\n                    <div class=\"accordion-title\">\n                        <span class=\"title\">\n                                                               Assistenza ai bambini durante la cena \u2013 genitori sereni, bambini felici\n                                                     <\/span>\n                        <span class=\"icon\"><i class=\"ti-angle-down\"><\/i><\/span>\n                    <\/div>\n                    <div class=\"accordion-content has-image \">\n                        <div class=\"inner\">\n                                                            <div class=\"image-wrapper\">\n                                                                                                            \n                                                                                                                                                <picture>\n                                        <source srcset=\"https:\/\/www.alpenpark-seefeld.com\/wp-content\/uploads\/2020\/04\/kinderspeisesaal-bildergalerie-1024x682-1-500x500-c-center.jpg 1x\" media=\"(min-width: 1024px)\"\/>\n                                        <source srcset=\"https:\/\/www.alpenpark-seefeld.com\/wp-content\/uploads\/2020\/04\/kinderspeisesaal-bildergalerie-1024x682-1-500x500-c-center.jpg 1x\" media=\"(min-width: 768px)\"\/>\n                                        <source srcset=\"https:\/\/www.alpenpark-seefeld.com\/wp-content\/uploads\/2020\/04\/kinderspeisesaal-bildergalerie-1024x682-1-767x767-c-center.jpg 1x\" media=\"(max-width: 767px)\"\/>\n                                        <img decoding=\"async\" src=\"https:\/\/www.alpenpark-seefeld.com\/wp-content\/uploads\/2020\/04\/kinderspeisesaal-bildergalerie-1024x682-1-767x767-c-center.jpg\" alt=\"\" title=\"kinderspeisesaal-bildergalerie-1024&#215;682\"\/>\n                                    <\/picture>\n                                <\/div>\n                                                                                        <div class=\"text-wrapper\"><p>A volte serve un pizzico di romanticismo \u2013 e noi abbiamo la soluzione perfetta.<br \/>\nMentre vi godete un men\u00f9 gourmet e un buon bicchiere di vino nel ristorante principale, i vostri bambini sono nelle migliori mani nella loro sala da pranzo dedicata.<\/p>\n<p>Qui possono mangiare, ridere e divertirsi in totale libert\u00e0.<br \/>\nOgni giorno dalle 18:00 (previa iscrizione al Kids Club), il nostro team li accompagna alla cena.<\/p>\n<p><strong>Al buffet trovano tutte le loro preferenze:<\/strong><\/p>\n<ul>\n<li>Piatto del giorno con carne o pesce<\/li>\n<li>Pasta con salsa di pomodoro &amp; pasta al sugo<\/li>\n<li>Patate &amp; verdure<\/li>\n<li>E molto altro<\/li>\n<\/ul>\n<p>Dopo la cena, il divertimento continua al Filo\u2019s Club \u2013 con giochi, laboratori creativi e tante attivit\u00e0, fino a quando mamma e pap\u00e0 avranno concluso la loro cena romantica.<\/p>\n<p><a href=\"https:\/\/www.alpenpark-seefeld.com\/it\/hotel-per-bambini\/pasti-per-bambini\/\">Scopri di pi\u00f9 sul programma bambini &amp; sala da pranzo<\/a><\/p>\n<\/div>\n                                                    <\/div>\n                    <\/div>\n                <\/div>\n                    <\/div>\n    <\/div>\n\n\n\n<div style=\"height:100px\" aria-hidden=\"true\" class=\"wp-block-spacer\"><\/div>\n\n\n\n<div class=\"wp-block-columns is-layout-flex wp-container-core-columns-is-layout-9d6595d7 wp-block-columns-is-layout-flex\">\n<div class=\"wp-block-column is-layout-flow wp-block-column-is-layout-flow\" style=\"flex-basis:25%\"><\/div>\n\n\n\n<div class=\"wp-block-column is-layout-flow wp-block-column-is-layout-flow\" style=\"flex-basis:50%\">    <div id=\"ep-block-gallery-block_444a224353e7b245912743fcb25181b1\" class=\"ep-block-gallery ep-block \">\n        <a href=\"#\" class=\"slick-prev-next slick-prev\">\n            <i class=\"ti-angle-left\"><\/i>\n        <\/a>\n        <div class=\"slider\">\n                            <div class=\"slider-item\">\n                                                                                    \n                                                                                \n                    <a href=\"https:\/\/www.alpenpark-seefeld.com\/wp-content\/uploads\/2019\/10\/gourmet-hummer-bildergalerie-1024x768-c-center.jpg\" class=\"ep-gallery-image-link\">\n                        <picture class=\"image\">\n                            <source srcset=\"https:\/\/www.alpenpark-seefeld.com\/wp-content\/uploads\/2019\/10\/gourmet-hummer-bildergalerie-636x423-c-center.jpg 1x\" media=\"(min-width: 1024px)\"\/>\n                            <source srcset=\"https:\/\/www.alpenpark-seefeld.com\/wp-content\/uploads\/2019\/10\/gourmet-hummer-bildergalerie-636x423-c-center.jpg 1x\" media=\"(min-width: 768px)\"\/>\n                            <source srcset=\"https:\/\/www.alpenpark-seefeld.com\/wp-content\/uploads\/2019\/10\/gourmet-hummer-bildergalerie-636x423-c-center.jpg 1x\" media=\"(max-width: 767px)\"\/>\n                            <img decoding=\"async\" src=\"https:\/\/www.alpenpark-seefeld.com\/wp-content\/uploads\/2019\/10\/gourmet-hummer-bildergalerie-636x423-c-center.jpg\" alt=\"Gourmet Hummer\" title=\"Gourmet Hummer Bildergalerie\"\/>\n                        <\/picture>\n                        <div class=\"overlay\"><i class=\"ti-search\"><\/i><\/div>\n                    <\/a>\n                <\/div>\n                            <div class=\"slider-item\">\n                                                                                    \n                                                                                \n                    <a href=\"https:\/\/www.alpenpark-seefeld.com\/wp-content\/uploads\/2019\/10\/gourmet-suppe-bildergalerie-1024x768-c-center.jpg\" class=\"ep-gallery-image-link\">\n                        <picture class=\"image\">\n                            <source srcset=\"https:\/\/www.alpenpark-seefeld.com\/wp-content\/uploads\/2019\/10\/gourmet-suppe-bildergalerie-636x423-c-center.jpg 1x\" media=\"(min-width: 1024px)\"\/>\n                            <source srcset=\"https:\/\/www.alpenpark-seefeld.com\/wp-content\/uploads\/2019\/10\/gourmet-suppe-bildergalerie-636x423-c-center.jpg 1x\" media=\"(min-width: 768px)\"\/>\n                            <source srcset=\"https:\/\/www.alpenpark-seefeld.com\/wp-content\/uploads\/2019\/10\/gourmet-suppe-bildergalerie-636x423-c-center.jpg 1x\" media=\"(max-width: 767px)\"\/>\n                            <img decoding=\"async\" src=\"https:\/\/www.alpenpark-seefeld.com\/wp-content\/uploads\/2019\/10\/gourmet-suppe-bildergalerie-636x423-c-center.jpg\" alt=\"Gourmet Suppe\" title=\"Gourmet Suppe Bildergalerie\"\/>\n                        <\/picture>\n                        <div class=\"overlay\"><i class=\"ti-search\"><\/i><\/div>\n                    <\/a>\n                <\/div>\n                            <div class=\"slider-item\">\n                                                                                    \n                                                                                \n                    <a href=\"https:\/\/www.alpenpark-seefeld.com\/wp-content\/uploads\/2022\/08\/alpenpark-seefeld-familie-juni-2022-copyright-davidjohansson-2290-print-scaled-1024x768-c-center.jpg\" class=\"ep-gallery-image-link\">\n                        <picture class=\"image\">\n                            <source srcset=\"https:\/\/www.alpenpark-seefeld.com\/wp-content\/uploads\/2022\/08\/alpenpark-seefeld-familie-juni-2022-copyright-davidjohansson-2290-print-scaled-636x423-c-center.jpg 1x\" media=\"(min-width: 1024px)\"\/>\n                            <source srcset=\"https:\/\/www.alpenpark-seefeld.com\/wp-content\/uploads\/2022\/08\/alpenpark-seefeld-familie-juni-2022-copyright-davidjohansson-2290-print-scaled-636x423-c-center.jpg 1x\" media=\"(min-width: 768px)\"\/>\n                            <source srcset=\"https:\/\/www.alpenpark-seefeld.com\/wp-content\/uploads\/2022\/08\/alpenpark-seefeld-familie-juni-2022-copyright-davidjohansson-2290-print-scaled-636x423-c-center.jpg 1x\" media=\"(max-width: 767px)\"\/>\n                            <img decoding=\"async\" src=\"https:\/\/www.alpenpark-seefeld.com\/wp-content\/uploads\/2022\/08\/alpenpark-seefeld-familie-juni-2022-copyright-davidjohansson-2290-print-scaled-636x423-c-center.jpg\" alt=\"\" title=\"alpenpark-seefeld-familie-juni-2022-copyright-DavidJohansson-2290-print\"\/>\n                        <\/picture>\n                        <div class=\"overlay\"><i class=\"ti-search\"><\/i><\/div>\n                    <\/a>\n                <\/div>\n                            <div class=\"slider-item\">\n                                                                                    \n                                                                                \n                    <a href=\"https:\/\/www.alpenpark-seefeld.com\/wp-content\/uploads\/2022\/08\/alpenpark-seefeld-familie-juni-2022-copyright-davidjohansson-3618-print-scaled-1024x768-c-center.jpg\" class=\"ep-gallery-image-link\">\n                        <picture class=\"image\">\n                            <source srcset=\"https:\/\/www.alpenpark-seefeld.com\/wp-content\/uploads\/2022\/08\/alpenpark-seefeld-familie-juni-2022-copyright-davidjohansson-3618-print-scaled-636x423-c-center.jpg 1x\" media=\"(min-width: 1024px)\"\/>\n                            <source srcset=\"https:\/\/www.alpenpark-seefeld.com\/wp-content\/uploads\/2022\/08\/alpenpark-seefeld-familie-juni-2022-copyright-davidjohansson-3618-print-scaled-636x423-c-center.jpg 1x\" media=\"(min-width: 768px)\"\/>\n                            <source srcset=\"https:\/\/www.alpenpark-seefeld.com\/wp-content\/uploads\/2022\/08\/alpenpark-seefeld-familie-juni-2022-copyright-davidjohansson-3618-print-scaled-636x423-c-center.jpg 1x\" media=\"(max-width: 767px)\"\/>\n                            <img decoding=\"async\" src=\"https:\/\/www.alpenpark-seefeld.com\/wp-content\/uploads\/2022\/08\/alpenpark-seefeld-familie-juni-2022-copyright-davidjohansson-3618-print-scaled-636x423-c-center.jpg\" alt=\"\" title=\"alpenpark-seefeld-familie-juni-2022-copyright-DavidJohansson-3618-print\"\/>\n                        <\/picture>\n                        <div class=\"overlay\"><i class=\"ti-search\"><\/i><\/div>\n                    <\/a>\n                <\/div>\n                            <div class=\"slider-item\">\n                                                                                    \n                                                                                \n                    <a href=\"https:\/\/www.alpenpark-seefeld.com\/wp-content\/uploads\/2023\/03\/alp-abendessen-gourmetkueche-1024x768-c-center.png\" class=\"ep-gallery-image-link\">\n                        <picture class=\"image\">\n                            <source srcset=\"https:\/\/www.alpenpark-seefeld.com\/wp-content\/uploads\/2023\/03\/alp-abendessen-gourmetkueche-636x423-c-center.png 1x\" media=\"(min-width: 1024px)\"\/>\n                            <source srcset=\"https:\/\/www.alpenpark-seefeld.com\/wp-content\/uploads\/2023\/03\/alp-abendessen-gourmetkueche-636x423-c-center.png 1x\" media=\"(min-width: 768px)\"\/>\n                            <source srcset=\"https:\/\/www.alpenpark-seefeld.com\/wp-content\/uploads\/2023\/03\/alp-abendessen-gourmetkueche-636x423-c-center.png 1x\" media=\"(max-width: 767px)\"\/>\n                            <img decoding=\"async\" src=\"https:\/\/www.alpenpark-seefeld.com\/wp-content\/uploads\/2023\/03\/alp-abendessen-gourmetkueche-636x423-c-center.png\" alt=\"alp-abendessen-gourmetkueche\" title=\"alp-abendessen-gourmetkueche\"\/>\n                        <\/picture>\n                        <div class=\"overlay\"><i class=\"ti-search\"><\/i><\/div>\n                    <\/a>\n                <\/div>\n                            <div class=\"slider-item\">\n                                                                                    \n                                                                                \n                    <a href=\"https:\/\/www.alpenpark-seefeld.com\/wp-content\/uploads\/2023\/04\/alp-gourmet-kueche-beef-1024x768-c-center.png\" class=\"ep-gallery-image-link\">\n                        <picture class=\"image\">\n                            <source srcset=\"https:\/\/www.alpenpark-seefeld.com\/wp-content\/uploads\/2023\/04\/alp-gourmet-kueche-beef-636x423-c-center.png 1x\" media=\"(min-width: 1024px)\"\/>\n                            <source srcset=\"https:\/\/www.alpenpark-seefeld.com\/wp-content\/uploads\/2023\/04\/alp-gourmet-kueche-beef-636x423-c-center.png 1x\" media=\"(min-width: 768px)\"\/>\n                            <source srcset=\"https:\/\/www.alpenpark-seefeld.com\/wp-content\/uploads\/2023\/04\/alp-gourmet-kueche-beef-636x423-c-center.png 1x\" media=\"(max-width: 767px)\"\/>\n                            <img decoding=\"async\" src=\"https:\/\/www.alpenpark-seefeld.com\/wp-content\/uploads\/2023\/04\/alp-gourmet-kueche-beef-636x423-c-center.png\" alt=\"alp-gourmet-kueche-beef\" title=\"alp-gourmet-kueche-beef\"\/>\n                        <\/picture>\n                        <div class=\"overlay\"><i class=\"ti-search\"><\/i><\/div>\n                    <\/a>\n                <\/div>\n                            <div class=\"slider-item\">\n                                                                                    \n                                                                                \n                    <a href=\"https:\/\/www.alpenpark-seefeld.com\/wp-content\/uploads\/2023\/04\/alp-gourmet-kueche-fisch-1024x768-c-center.png\" class=\"ep-gallery-image-link\">\n                        <picture class=\"image\">\n                            <source srcset=\"https:\/\/www.alpenpark-seefeld.com\/wp-content\/uploads\/2023\/04\/alp-gourmet-kueche-fisch-636x423-c-center.png 1x\" media=\"(min-width: 1024px)\"\/>\n                            <source srcset=\"https:\/\/www.alpenpark-seefeld.com\/wp-content\/uploads\/2023\/04\/alp-gourmet-kueche-fisch-636x423-c-center.png 1x\" media=\"(min-width: 768px)\"\/>\n                            <source srcset=\"https:\/\/www.alpenpark-seefeld.com\/wp-content\/uploads\/2023\/04\/alp-gourmet-kueche-fisch-636x423-c-center.png 1x\" media=\"(max-width: 767px)\"\/>\n                            <img decoding=\"async\" src=\"https:\/\/www.alpenpark-seefeld.com\/wp-content\/uploads\/2023\/04\/alp-gourmet-kueche-fisch-636x423-c-center.png\" alt=\"alp-gourmet-kueche-fisch\" title=\"alp-gourmet-kueche-fisch\"\/>\n                        <\/picture>\n                        <div class=\"overlay\"><i class=\"ti-search\"><\/i><\/div>\n                    <\/a>\n                <\/div>\n                            <div class=\"slider-item\">\n                                                                                    \n                                                                                \n                    <a href=\"https:\/\/www.alpenpark-seefeld.com\/wp-content\/uploads\/2023\/04\/gourmet-kueche-dessert-alp-1024x768-c-center.png\" class=\"ep-gallery-image-link\">\n                        <picture class=\"image\">\n                            <source srcset=\"https:\/\/www.alpenpark-seefeld.com\/wp-content\/uploads\/2023\/04\/gourmet-kueche-dessert-alp-636x423-c-center.png 1x\" media=\"(min-width: 1024px)\"\/>\n                            <source srcset=\"https:\/\/www.alpenpark-seefeld.com\/wp-content\/uploads\/2023\/04\/gourmet-kueche-dessert-alp-636x423-c-center.png 1x\" media=\"(min-width: 768px)\"\/>\n                            <source srcset=\"https:\/\/www.alpenpark-seefeld.com\/wp-content\/uploads\/2023\/04\/gourmet-kueche-dessert-alp-636x423-c-center.png 1x\" media=\"(max-width: 767px)\"\/>\n                            <img decoding=\"async\" src=\"https:\/\/www.alpenpark-seefeld.com\/wp-content\/uploads\/2023\/04\/gourmet-kueche-dessert-alp-636x423-c-center.png\" alt=\"gourmet-kueche-dessert-alp\" title=\"gourmet-kueche-dessert-alp\"\/>\n                        <\/picture>\n                        <div class=\"overlay\"><i class=\"ti-search\"><\/i><\/div>\n                    <\/a>\n                <\/div>\n                    <\/div>\n\n        <a href=\"#\" class=\"slick-prev-next slick-next\">\n            <i class=\"ti-angle-right\"><\/i>\n        <\/a>\n    <\/div>\n<\/div>\n\n\n\n<div class=\"wp-block-column is-layout-flow wp-block-column-is-layout-flow\" style=\"flex-basis:25%\"><\/div>\n<\/div>\n\n\n\n<div style=\"height:100px\" aria-hidden=\"true\" class=\"wp-block-spacer\"><\/div>\n","protected":false},"excerpt":{"rendered":"","protected":false},"author":1,"featured_media":61848,"parent":4601,"menu_order":0,"comment_status":"closed","ping_status":"closed","template":"","meta":{"_acf_changed":false,"footnotes":""},"categories":[],"tags":[],"class_list":["post-4677","page","type-page","status-publish","has-post-thumbnail","hentry"],"acf":[],"yoast_head":"<!-- This site is optimized with the Yoast SEO plugin v26.1.1 - https:\/\/yoast.com\/wordpress\/plugins\/seo\/ -->\n<title>Cucina gourmet all\u2019Alpenpark Seefeld | Sapori alpini<\/title>\n<meta name=\"description\" content=\"Cucina gourmet all\u2019Alpenpark Seefeld: colazione raffinata, men\u00f9 serale creativo e piaceri culinari per tutta la famiglia in un\u2019atmosfera alpina.\" \/>\n<meta name=\"robots\" content=\"index, follow, max-snippet:-1, max-image-preview:large, max-video-preview:-1\" \/>\n<link rel=\"canonical\" href=\"https:\/\/www.alpenpark-seefeld.com\/it\/gastronomia-delizie\/cucina-gourmet\/\" \/>\n<meta property=\"og:locale\" content=\"it_IT\" \/>\n<meta property=\"og:type\" content=\"article\" \/>\n<meta property=\"og:title\" content=\"Cucina gourmet all\u2019Alpenpark Seefeld | Sapori alpini\" \/>\n<meta property=\"og:description\" content=\"Cucina gourmet all\u2019Alpenpark Seefeld: colazione raffinata, men\u00f9 serale creativo e piaceri culinari per tutta la famiglia in un\u2019atmosfera alpina.\" \/>\n<meta property=\"og:url\" content=\"https:\/\/www.alpenpark-seefeld.com\/it\/gastronomia-delizie\/cucina-gourmet\/\" \/>\n<meta property=\"og:site_name\" content=\"Alpenpark Resort Seefeld\" \/>\n<meta property=\"article:publisher\" content=\"https:\/\/www.facebook.com\/alpenpark.seefeld\/\" \/>\n<meta property=\"article:modified_time\" content=\"2025-12-10T08:47:48+00:00\" \/>\n<meta property=\"og:image\" content=\"https:\/\/www.alpenpark-seefeld.com\/wp-content\/uploads\/2023\/10\/speisesaal-2.jpg\" \/>\n\t<meta property=\"og:image:width\" content=\"2048\" \/>\n\t<meta property=\"og:image:height\" content=\"1366\" \/>\n\t<meta property=\"og:image:type\" content=\"image\/jpeg\" \/>\n<meta name=\"twitter:card\" content=\"summary_large_image\" \/>\n<meta name=\"twitter:label1\" content=\"Est. reading time\" \/>\n\t<meta name=\"twitter:data1\" content=\"1 minute\" \/>\n<script type=\"application\/ld+json\" class=\"yoast-schema-graph\">{\"@context\":\"https:\/\/schema.org\",\"@graph\":[{\"@type\":\"WebPage\",\"@id\":\"https:\/\/www.alpenpark-seefeld.com\/it\/gastronomia-delizie\/cucina-gourmet\/\",\"url\":\"https:\/\/www.alpenpark-seefeld.com\/it\/gastronomia-delizie\/cucina-gourmet\/\",\"name\":\"Cucina gourmet all\u2019Alpenpark Seefeld | Sapori alpini\",\"isPartOf\":{\"@id\":\"https:\/\/www.alpenpark-seefeld.com\/#website\"},\"primaryImageOfPage\":{\"@id\":\"https:\/\/www.alpenpark-seefeld.com\/it\/gastronomia-delizie\/cucina-gourmet\/#primaryimage\"},\"image\":{\"@id\":\"https:\/\/www.alpenpark-seefeld.com\/it\/gastronomia-delizie\/cucina-gourmet\/#primaryimage\"},\"thumbnailUrl\":\"https:\/\/www.alpenpark-seefeld.com\/wp-content\/uploads\/2023\/10\/speisesaal-2.jpg\",\"datePublished\":\"2015-11-25T15:13:53+00:00\",\"dateModified\":\"2025-12-10T08:47:48+00:00\",\"description\":\"Cucina gourmet all\u2019Alpenpark Seefeld: colazione raffinata, men\u00f9 serale creativo e piaceri culinari per tutta la famiglia in un\u2019atmosfera alpina.\",\"breadcrumb\":{\"@id\":\"https:\/\/www.alpenpark-seefeld.com\/it\/gastronomia-delizie\/cucina-gourmet\/#breadcrumb\"},\"inLanguage\":\"it-IT\",\"potentialAction\":[{\"@type\":\"ReadAction\",\"target\":[\"https:\/\/www.alpenpark-seefeld.com\/it\/gastronomia-delizie\/cucina-gourmet\/\"]}]},{\"@type\":\"ImageObject\",\"inLanguage\":\"it-IT\",\"@id\":\"https:\/\/www.alpenpark-seefeld.com\/it\/gastronomia-delizie\/cucina-gourmet\/#primaryimage\",\"url\":\"https:\/\/www.alpenpark-seefeld.com\/wp-content\/uploads\/2023\/10\/speisesaal-2.jpg\",\"contentUrl\":\"https:\/\/www.alpenpark-seefeld.com\/wp-content\/uploads\/2023\/10\/speisesaal-2.jpg\",\"width\":2048,\"height\":1366},{\"@type\":\"BreadcrumbList\",\"@id\":\"https:\/\/www.alpenpark-seefeld.com\/it\/gastronomia-delizie\/cucina-gourmet\/#breadcrumb\",\"itemListElement\":[{\"@type\":\"ListItem\",\"position\":1,\"name\":\"Startseite\",\"item\":\"https:\/\/www.alpenpark-seefeld.com\/it\/\"},{\"@type\":\"ListItem\",\"position\":2,\"name\":\"Delizie culinarie all\u2019Alpenpark Resort Seefeld\",\"item\":\"https:\/\/www.alpenpark-seefeld.com\/it\/gastronomia-delizie\/\"},{\"@type\":\"ListItem\",\"position\":3,\"name\":\"Cucina gourmet\"}]},{\"@type\":\"WebSite\",\"@id\":\"https:\/\/www.alpenpark-seefeld.com\/#website\",\"url\":\"https:\/\/www.alpenpark-seefeld.com\/\",\"name\":\"Alpenpark Resort Seefeld\",\"description\":\"4****S Holidays Deluxe\",\"publisher\":{\"@id\":\"https:\/\/www.alpenpark-seefeld.com\/#organization\"},\"potentialAction\":[{\"@type\":\"SearchAction\",\"target\":{\"@type\":\"EntryPoint\",\"urlTemplate\":\"https:\/\/www.alpenpark-seefeld.com\/?s={search_term_string}\"},\"query-input\":{\"@type\":\"PropertyValueSpecification\",\"valueRequired\":true,\"valueName\":\"search_term_string\"}}],\"inLanguage\":\"it-IT\"},{\"@type\":\"Organization\",\"@id\":\"https:\/\/www.alpenpark-seefeld.com\/#organization\",\"name\":\"4*S Alpenpark Resort Seefeld\",\"url\":\"https:\/\/www.alpenpark-seefeld.com\/\",\"logo\":{\"@type\":\"ImageObject\",\"inLanguage\":\"it-IT\",\"@id\":\"https:\/\/www.alpenpark-seefeld.com\/#\/schema\/logo\/image\/\",\"url\":\"https:\/\/www.alpenpark-seefeld.com\/wp-content\/uploads\/2021\/09\/alp-logo-frei.png\",\"contentUrl\":\"https:\/\/www.alpenpark-seefeld.com\/wp-content\/uploads\/2021\/09\/alp-logo-frei.png\",\"width\":229,\"height\":51,\"caption\":\"4*S Alpenpark Resort Seefeld\"},\"image\":{\"@id\":\"https:\/\/www.alpenpark-seefeld.com\/#\/schema\/logo\/image\/\"},\"sameAs\":[\"https:\/\/www.facebook.com\/alpenpark.seefeld\/\",\"https:\/\/www.instagram.com\/alpenpark.seefeld\/\",\"https:\/\/www.youtube.com\/channel\/UC8rqfDBGMyEY9l8Eqw3XP2w\"]}]}<\/script>\n<!-- \/ Yoast SEO plugin. -->","yoast_head_json":{"title":"Cucina gourmet all\u2019Alpenpark Seefeld | Sapori alpini","description":"Cucina gourmet all\u2019Alpenpark Seefeld: colazione raffinata, men\u00f9 serale creativo e piaceri culinari per tutta la famiglia in un\u2019atmosfera alpina.","robots":{"index":"index","follow":"follow","max-snippet":"max-snippet:-1","max-image-preview":"max-image-preview:large","max-video-preview":"max-video-preview:-1"},"canonical":"https:\/\/www.alpenpark-seefeld.com\/it\/gastronomia-delizie\/cucina-gourmet\/","og_locale":"it_IT","og_type":"article","og_title":"Cucina gourmet all\u2019Alpenpark Seefeld | Sapori alpini","og_description":"Cucina gourmet all\u2019Alpenpark Seefeld: colazione raffinata, men\u00f9 serale creativo e piaceri culinari per tutta la famiglia in un\u2019atmosfera alpina.","og_url":"https:\/\/www.alpenpark-seefeld.com\/it\/gastronomia-delizie\/cucina-gourmet\/","og_site_name":"Alpenpark Resort Seefeld","article_publisher":"https:\/\/www.facebook.com\/alpenpark.seefeld\/","article_modified_time":"2025-12-10T08:47:48+00:00","og_image":[{"width":2048,"height":1366,"url":"https:\/\/www.alpenpark-seefeld.com\/wp-content\/uploads\/2023\/10\/speisesaal-2.jpg","type":"image\/jpeg"}],"twitter_card":"summary_large_image","twitter_misc":{"Est. reading time":"1 minute"},"schema":{"@context":"https:\/\/schema.org","@graph":[{"@type":"WebPage","@id":"https:\/\/www.alpenpark-seefeld.com\/it\/gastronomia-delizie\/cucina-gourmet\/","url":"https:\/\/www.alpenpark-seefeld.com\/it\/gastronomia-delizie\/cucina-gourmet\/","name":"Cucina gourmet all\u2019Alpenpark Seefeld | Sapori alpini","isPartOf":{"@id":"https:\/\/www.alpenpark-seefeld.com\/#website"},"primaryImageOfPage":{"@id":"https:\/\/www.alpenpark-seefeld.com\/it\/gastronomia-delizie\/cucina-gourmet\/#primaryimage"},"image":{"@id":"https:\/\/www.alpenpark-seefeld.com\/it\/gastronomia-delizie\/cucina-gourmet\/#primaryimage"},"thumbnailUrl":"https:\/\/www.alpenpark-seefeld.com\/wp-content\/uploads\/2023\/10\/speisesaal-2.jpg","datePublished":"2015-11-25T15:13:53+00:00","dateModified":"2025-12-10T08:47:48+00:00","description":"Cucina gourmet all\u2019Alpenpark Seefeld: colazione raffinata, men\u00f9 serale creativo e piaceri culinari per tutta la famiglia in un\u2019atmosfera alpina.","breadcrumb":{"@id":"https:\/\/www.alpenpark-seefeld.com\/it\/gastronomia-delizie\/cucina-gourmet\/#breadcrumb"},"inLanguage":"it-IT","potentialAction":[{"@type":"ReadAction","target":["https:\/\/www.alpenpark-seefeld.com\/it\/gastronomia-delizie\/cucina-gourmet\/"]}]},{"@type":"ImageObject","inLanguage":"it-IT","@id":"https:\/\/www.alpenpark-seefeld.com\/it\/gastronomia-delizie\/cucina-gourmet\/#primaryimage","url":"https:\/\/www.alpenpark-seefeld.com\/wp-content\/uploads\/2023\/10\/speisesaal-2.jpg","contentUrl":"https:\/\/www.alpenpark-seefeld.com\/wp-content\/uploads\/2023\/10\/speisesaal-2.jpg","width":2048,"height":1366},{"@type":"BreadcrumbList","@id":"https:\/\/www.alpenpark-seefeld.com\/it\/gastronomia-delizie\/cucina-gourmet\/#breadcrumb","itemListElement":[{"@type":"ListItem","position":1,"name":"Startseite","item":"https:\/\/www.alpenpark-seefeld.com\/it\/"},{"@type":"ListItem","position":2,"name":"Delizie culinarie all\u2019Alpenpark Resort Seefeld","item":"https:\/\/www.alpenpark-seefeld.com\/it\/gastronomia-delizie\/"},{"@type":"ListItem","position":3,"name":"Cucina gourmet"}]},{"@type":"WebSite","@id":"https:\/\/www.alpenpark-seefeld.com\/#website","url":"https:\/\/www.alpenpark-seefeld.com\/","name":"Alpenpark Resort Seefeld","description":"4****S Holidays Deluxe","publisher":{"@id":"https:\/\/www.alpenpark-seefeld.com\/#organization"},"potentialAction":[{"@type":"SearchAction","target":{"@type":"EntryPoint","urlTemplate":"https:\/\/www.alpenpark-seefeld.com\/?s={search_term_string}"},"query-input":{"@type":"PropertyValueSpecification","valueRequired":true,"valueName":"search_term_string"}}],"inLanguage":"it-IT"},{"@type":"Organization","@id":"https:\/\/www.alpenpark-seefeld.com\/#organization","name":"4*S Alpenpark Resort Seefeld","url":"https:\/\/www.alpenpark-seefeld.com\/","logo":{"@type":"ImageObject","inLanguage":"it-IT","@id":"https:\/\/www.alpenpark-seefeld.com\/#\/schema\/logo\/image\/","url":"https:\/\/www.alpenpark-seefeld.com\/wp-content\/uploads\/2021\/09\/alp-logo-frei.png","contentUrl":"https:\/\/www.alpenpark-seefeld.com\/wp-content\/uploads\/2021\/09\/alp-logo-frei.png","width":229,"height":51,"caption":"4*S Alpenpark Resort Seefeld"},"image":{"@id":"https:\/\/www.alpenpark-seefeld.com\/#\/schema\/logo\/image\/"},"sameAs":["https:\/\/www.facebook.com\/alpenpark.seefeld\/","https:\/\/www.instagram.com\/alpenpark.seefeld\/","https:\/\/www.youtube.com\/channel\/UC8rqfDBGMyEY9l8Eqw3XP2w"]}]}},"_links":{"self":[{"href":"https:\/\/www.alpenpark-seefeld.com\/it\/wp-json\/wp\/v2\/pages\/4677","targetHints":{"allow":["GET"]}}],"collection":[{"href":"https:\/\/www.alpenpark-seefeld.com\/it\/wp-json\/wp\/v2\/pages"}],"about":[{"href":"https:\/\/www.alpenpark-seefeld.com\/it\/wp-json\/wp\/v2\/types\/page"}],"author":[{"embeddable":true,"href":"https:\/\/www.alpenpark-seefeld.com\/it\/wp-json\/wp\/v2\/users\/1"}],"replies":[{"embeddable":true,"href":"https:\/\/www.alpenpark-seefeld.com\/it\/wp-json\/wp\/v2\/comments?post=4677"}],"version-history":[{"count":23,"href":"https:\/\/www.alpenpark-seefeld.com\/it\/wp-json\/wp\/v2\/pages\/4677\/revisions"}],"predecessor-version":[{"id":74174,"href":"https:\/\/www.alpenpark-seefeld.com\/it\/wp-json\/wp\/v2\/pages\/4677\/revisions\/74174"}],"up":[{"embeddable":true,"href":"https:\/\/www.alpenpark-seefeld.com\/it\/wp-json\/wp\/v2\/pages\/4601"}],"wp:featuredmedia":[{"embeddable":true,"href":"https:\/\/www.alpenpark-seefeld.com\/it\/wp-json\/wp\/v2\/media\/61848"}],"wp:attachment":[{"href":"https:\/\/www.alpenpark-seefeld.com\/it\/wp-json\/wp\/v2\/media?parent=4677"}],"wp:term":[{"taxonomy":"category","embeddable":true,"href":"https:\/\/www.alpenpark-seefeld.com\/it\/wp-json\/wp\/v2\/categories?post=4677"},{"taxonomy":"post_tag","embeddable":true,"href":"https:\/\/www.alpenpark-seefeld.com\/it\/wp-json\/wp\/v2\/tags?post=4677"}],"curies":[{"name":"wp","href":"https:\/\/api.w.org\/{rel}","templated":true}]}}